{"id":5310,"date":"2016-07-21T10:03:39","date_gmt":"2016-07-21T08:03:39","guid":{"rendered":"http:\/\/www.gwennili.net\/de\/?page_id=5310"},"modified":"2017-02-16T10:25:52","modified_gmt":"2017-02-16T09:25:52","slug":"partir-en-groupe","status":"publish","type":"page","link":"http:\/\/www.gwennili.net\/de\/partir-en-groupe\/","title":{"rendered":"Interkulturelle Jugendbegegnungen"},"content":{"rendered":"<p>[vc_row][vc_column]<div class=\"title-subtile-holder\"><h1 class=\"section-title dark_title\">Jugendbegegnungen<\/h1><div class=\"section-border dark_border\"><\/div><div class=\"section-subtitle dark_subtitle\"><\/div><\/div>[\/vc_column][\/vc_row][vc_row][vc_column][vc_column_text]Gwennili organisiert <strong>interkulturelle Jugendbegegnungen<\/strong> in der <strong>Bretagne<\/strong> oder im <strong>europ\u00e4ischen Ausland<\/strong> (Deutschland, Polen, Serbien, Ungarn, Ukraine, Kroatien, Wales etc.)<\/p>\n<p>Die bilateralen (mit Jugendlichen aus<strong> zwei\u00a0<\/strong>L\u00e4ndern), trilateralen (mit Jugendlichen aus <strong>drei<\/strong> L\u00e4ndern) oder multilateralen Begegnungen dauern zwischen 5 und 10 Tagen.<\/p>\n<p>Unsere Begegnungen sind f\u00fcr Jugendliche und junge Erwachsene im Alter von <strong>16 bis 25 Jahren<\/strong>.<\/p>\n<p>&nbsp;<\/p>\n<p><strong><em>\u00ab\u00a0Muss ich Englisch oder Franz\u00f6sisch sprechen k\u00f6nnen, um an\u00a0einer Begegnung teilnehmen zu d\u00fcrfen?\u00a0\u00bb<\/em><\/strong><\/p>\n<p>F\u00fcr uns ist es wichtig, dass die Sprache nicht zu einem Hinderniss wird. Es ist deshalb keine Voraussetzung die Sprachen der anderen Teilnehmer_innen zu sprechen, um an einer Begegnung teilzunehmen. Unsere bilingualen, interkulturellen Teamer_innen sichern die \u00dcbersetzung w\u00e4hrend des Programms.<\/p>\n<p><strong><em>\u00ab\u00a0Wer finanziert diese Begegnungen\u00a0\u00bb<\/em><\/strong><\/p>\n<p>Die Jugendbegegnungen werden zu einem Gro<span style=\"color: #000000;\">\u00dfteil vom<a href=\"https:\/\/www.dfjw.org\/\"> Deutsch- Franz\u00f6sischen Jugendwerk<\/a> oder\/und vom Programm <a href=\"http:\/\/www.erasmusplus-jeunesse.fr\/\">Erasmus+<\/a> Jeunesse et Sport finanziell unterst\u00fctzt.\u00a0<\/span><\/p>\n<p>Unsere zus\u00e4tzlichen Teilnahmegeb\u00fchren helfen uns die Unterkunft, die Transportkosten, die Programmkosten und die \u00dcbersetzung zu sichern.[\/vc_column_text][\/vc_column][\/vc_row][vc_row][vc_column width=\u00a0\u00bb1\/2&Prime;][vc_column_text]<\/p>\n<h3><a href=\"http:\/\/www.gwennili.net\/de\/partir-en-groupe\/dans-le-cadre-scolaire\/\">mit der Schule <\/a><\/h3>\n<p>[\/vc_column_text][vc_empty_space][vc_single_image image=\u00a0\u00bb5939&Prime; img_size=\u00a0\u00bbfull\u00a0\u00bb onclick=\u00a0\u00bbcustom_link\u00a0\u00bb link=\u00a0\u00bbhttp:\/\/www.gwennili.net\/de\/dans-le-cadre-scolaire\/\u00a0\u00bb][\/vc_column][vc_column width=\u00a0\u00bb1\/2&Prime;][vc_column_text]<\/p>\n<h3><a href=\"http:\/\/www.gwennili.net\/de\/partir-en-groupe\/pendant-les-vacances\/\">w\u00e4hrend der Ferien<\/a><\/h3>\n<p>[\/vc_column_text][vc_empty_space][vc_single_image image=\u00a0\u00bb5940&Prime; img_size=\u00a0\u00bbfull\u00a0\u00bb onclick=\u00a0\u00bbcustom_link\u00a0\u00bb link=\u00a0\u00bbhttp:\/\/www.gwennili.net\/de\/pendant-les-vacances\/\u00a0\u00bb][\/vc_column][\/vc_row]<\/p>\n","protected":false},"excerpt":{"rendered":"<p>[vc_row][vc_column][\/vc_column][\/vc_row][vc_row][vc_column][vc_column_text]Gwennili organisiert interkulturelle Jugendbegegnungen in der Bretagne oder im europ\u00e4ischen Ausland (Deutschland, Polen, Serbien, Ungarn, Ukraine, Kroatien, Wales etc.) Die bilateralen (mit Jugendlichen aus zwei\u00a0L\u00e4ndern), trilateralen (mit Jugendlichen aus drei [&hellip;]<\/p>\n","protected":false},"author":2,"featured_media":5940,"parent":0,"menu_order":0,"comment_status":"closed","ping_status":"closed","template":"templates\/template-page-left-sidebar.php","meta":[],"yoast_head":"<!-- This site is optimized with the Yoast SEO plugin v21.8.1 - https:\/\/yoast.com\/wordpress\/plugins\/seo\/ -->\n<title>Interkulturelle Jugendbegegnungen - Gwennili<\/title>\n<meta name=\"robots\" content=\"index, follow, max-snippet:-1, max-image-preview:large, max-video-preview:-1\" \/>\n<link rel=\"canonical\" href=\"http:\/\/www.gwennili.net\/de\/partir-en-groupe\/\" \/>\n<meta property=\"og:locale\" content=\"fr_FR\" \/>\n<meta property=\"og:type\" content=\"article\" \/>\n<meta property=\"og:title\" content=\"Interkulturelle Jugendbegegnungen - Gwennili\" \/>\n<meta property=\"og:description\" content=\"[vc_row][vc_column][\/vc_column][\/vc_row][vc_row][vc_column][vc_column_text]Gwennili organisiert interkulturelle Jugendbegegnungen in der Bretagne oder im europ\u00e4ischen Ausland (Deutschland, Polen, Serbien, Ungarn, Ukraine, Kroatien, Wales etc.) Die bilateralen (mit Jugendlichen aus zwei\u00a0L\u00e4ndern), trilateralen (mit Jugendlichen aus drei [&hellip;]\" \/>\n<meta property=\"og:url\" content=\"http:\/\/www.gwennili.net\/de\/partir-en-groupe\/\" \/>\n<meta property=\"og:site_name\" content=\"Gwennili\" \/>\n<meta property=\"article:modified_time\" content=\"2017-02-16T09:25:52+00:00\" \/>\n<meta property=\"og:image\" content=\"http:\/\/www.gwennili.net\/de\/wp-content\/uploads\/2016\/07\/Pendant-les-vacances-1.jpg\" \/>\n\t<meta property=\"og:image:width\" content=\"800\" \/>\n\t<meta property=\"og:image:height\" content=\"800\" \/>\n\t<meta property=\"og:image:type\" content=\"image\/jpeg\" \/>\n<meta name=\"twitter:card\" content=\"summary_large_image\" \/>\n<meta name=\"twitter:label1\" content=\"Dur\u00e9e de lecture estim\u00e9e\" \/>\n\t<meta name=\"twitter:data1\" content=\"1 minute\" \/>\n<script type=\"application\/ld+json\" class=\"yoast-schema-graph\">{\"@context\":\"https:\/\/schema.org\",\"@graph\":[{\"@type\":\"WebPage\",\"@id\":\"http:\/\/www.gwennili.net\/de\/partir-en-groupe\/\",\"url\":\"http:\/\/www.gwennili.net\/de\/partir-en-groupe\/\",\"name\":\"Interkulturelle Jugendbegegnungen - Gwennili\",\"isPartOf\":{\"@id\":\"http:\/\/www.gwennili.net\/de\/#website\"},\"datePublished\":\"2016-07-21T08:03:39+00:00\",\"dateModified\":\"2017-02-16T09:25:52+00:00\",\"breadcrumb\":{\"@id\":\"http:\/\/www.gwennili.net\/de\/partir-en-groupe\/#breadcrumb\"},\"inLanguage\":\"fr-FR\",\"potentialAction\":[{\"@type\":\"ReadAction\",\"target\":[\"http:\/\/www.gwennili.net\/de\/partir-en-groupe\/\"]}]},{\"@type\":\"BreadcrumbList\",\"@id\":\"http:\/\/www.gwennili.net\/de\/partir-en-groupe\/#breadcrumb\",\"itemListElement\":[{\"@type\":\"ListItem\",\"position\":1,\"name\":\"Accueil\",\"item\":\"http:\/\/www.gwennili.net\/de\/\"},{\"@type\":\"ListItem\",\"position\":2,\"name\":\"Interkulturelle Jugendbegegnungen\"}]},{\"@type\":\"WebSite\",\"@id\":\"http:\/\/www.gwennili.net\/de\/#website\",\"url\":\"http:\/\/www.gwennili.net\/de\/\",\"name\":\"Gwennili\",\"description\":\"Rencontres et \u00c9changes Interculturels\",\"potentialAction\":[{\"@type\":\"SearchAction\",\"target\":{\"@type\":\"EntryPoint\",\"urlTemplate\":\"http:\/\/www.gwennili.net\/de\/?s={search_term_string}\"},\"query-input\":\"required name=search_term_string\"}],\"inLanguage\":\"fr-FR\"}]}<\/script>\n<!-- \/ Yoast SEO plugin. -->","yoast_head_json":{"title":"Interkulturelle Jugendbegegnungen - Gwennili","robots":{"index":"index","follow":"follow","max-snippet":"max-snippet:-1","max-image-preview":"max-image-preview:large","max-video-preview":"max-video-preview:-1"},"canonical":"http:\/\/www.gwennili.net\/de\/partir-en-groupe\/","og_locale":"fr_FR","og_type":"article","og_title":"Interkulturelle Jugendbegegnungen - Gwennili","og_description":"[vc_row][vc_column][\/vc_column][\/vc_row][vc_row][vc_column][vc_column_text]Gwennili organisiert interkulturelle Jugendbegegnungen in der Bretagne oder im europ\u00e4ischen Ausland (Deutschland, Polen, Serbien, Ungarn, Ukraine, Kroatien, Wales etc.) Die bilateralen (mit Jugendlichen aus zwei\u00a0L\u00e4ndern), trilateralen (mit Jugendlichen aus drei [&hellip;]","og_url":"http:\/\/www.gwennili.net\/de\/partir-en-groupe\/","og_site_name":"Gwennili","article_modified_time":"2017-02-16T09:25:52+00:00","og_image":[{"width":800,"height":800,"url":"http:\/\/www.gwennili.net\/de\/wp-content\/uploads\/2016\/07\/Pendant-les-vacances-1.jpg","type":"image\/jpeg"}],"twitter_card":"summary_large_image","twitter_misc":{"Dur\u00e9e de lecture estim\u00e9e":"1 minute"},"schema":{"@context":"https:\/\/schema.org","@graph":[{"@type":"WebPage","@id":"http:\/\/www.gwennili.net\/de\/partir-en-groupe\/","url":"http:\/\/www.gwennili.net\/de\/partir-en-groupe\/","name":"Interkulturelle Jugendbegegnungen - Gwennili","isPartOf":{"@id":"http:\/\/www.gwennili.net\/de\/#website"},"datePublished":"2016-07-21T08:03:39+00:00","dateModified":"2017-02-16T09:25:52+00:00","breadcrumb":{"@id":"http:\/\/www.gwennili.net\/de\/partir-en-groupe\/#breadcrumb"},"inLanguage":"fr-FR","potentialAction":[{"@type":"ReadAction","target":["http:\/\/www.gwennili.net\/de\/partir-en-groupe\/"]}]},{"@type":"BreadcrumbList","@id":"http:\/\/www.gwennili.net\/de\/partir-en-groupe\/#breadcrumb","itemListElement":[{"@type":"ListItem","position":1,"name":"Accueil","item":"http:\/\/www.gwennili.net\/de\/"},{"@type":"ListItem","position":2,"name":"Interkulturelle Jugendbegegnungen"}]},{"@type":"WebSite","@id":"http:\/\/www.gwennili.net\/de\/#website","url":"http:\/\/www.gwennili.net\/de\/","name":"Gwennili","description":"Rencontres et \u00c9changes Interculturels","potentialAction":[{"@type":"SearchAction","target":{"@type":"EntryPoint","urlTemplate":"http:\/\/www.gwennili.net\/de\/?s={search_term_string}"},"query-input":"required name=search_term_string"}],"inLanguage":"fr-FR"}]}},"_links":{"self":[{"href":"http:\/\/www.gwennili.net\/de\/wp-json\/wp\/v2\/pages\/5310"}],"collection":[{"href":"http:\/\/www.gwennili.net\/de\/wp-json\/wp\/v2\/pages"}],"about":[{"href":"http:\/\/www.gwennili.net\/de\/wp-json\/wp\/v2\/types\/page"}],"author":[{"embeddable":true,"href":"http:\/\/www.gwennili.net\/de\/wp-json\/wp\/v2\/users\/2"}],"replies":[{"embeddable":true,"href":"http:\/\/www.gwennili.net\/de\/wp-json\/wp\/v2\/comments?post=5310"}],"version-history":[{"count":5,"href":"http:\/\/www.gwennili.net\/de\/wp-json\/wp\/v2\/pages\/5310\/revisions"}],"predecessor-version":[{"id":7024,"href":"http:\/\/www.gwennili.net\/de\/wp-json\/wp\/v2\/pages\/5310\/revisions\/7024"}],"wp:featuredmedia":[{"embeddable":true,"href":"http:\/\/www.gwennili.net\/de\/wp-json\/wp\/v2\/media\/5940"}],"wp:attachment":[{"href":"http:\/\/www.gwennili.net\/de\/wp-json\/wp\/v2\/media?parent=5310"}],"curies":[{"name":"wp","href":"https:\/\/api.w.org\/{rel}","templated":true}]}}