{"id":5403,"date":"2016-07-21T14:06:22","date_gmt":"2016-07-21T12:06:22","guid":{"rendered":"http:\/\/www.gwennili.net\/de\/?page_id=5403"},"modified":"2017-03-24T16:05:41","modified_gmt":"2017-03-24T15:05:41","slug":"das-team","status":"publish","type":"page","link":"http:\/\/www.gwennili.net\/de\/der-verein\/das-team\/","title":{"rendered":"Das Team"},"content":{"rendered":"<p>[vc_row][vc_column]<div class=\"title-subtile-holder\"><h1 class=\"section-title dark_title\">Unsere Ehrenamtlichen<\/h1><div class=\"section-border dark_border\"><\/div><div class=\"section-subtitle dark_subtitle\"><\/div><\/div>[vc_single_image image=\u00a0\u00bb7077&Prime; img_size=\u00a0\u00bb\u00a0\u00bb alignment=\u00a0\u00bbcenter\u00a0\u00bb][vc_empty_space][vc_column_text]Unser Verein wird verwaltet durch unseren Vorstand, der aus 10 Ehrenamtlichen besteht.<\/p>\n<p><b>Vereinsvorsitzender<\/b>: Jacques BERNARD.<\/p>\n<p><strong>Kassenwart\u00a0<\/strong>: Fr\u00e9d\u00e9ric DUPREZ<\/p>\n<p><b>Ehrenamtliche<\/b>\u00a0: Fran\u00e7oise LECOEUR, Anna\u00efck LOISEL, Marie LABOUSSE, Tristan DELBOT, Jean-Roland TRUFFLEY, C\u00e9cile BAZILE, Isabelle Le GALL RIBOUCHON, Marie-Ang\u00e8le CARIOU[\/vc_column_text][\/vc_column][\/vc_row][vc_row][vc_column]<div class=\"title-subtile-holder\"><h1 class=\"section-title dark_title\">Das Team !<\/h1><div class=\"section-border dark_border\"><\/div><div class=\"section-subtitle dark_subtitle\"><\/div><\/div>[vc_row_inner][vc_column_inner width=\u00a0\u00bb1\/3&Prime;][vc_single_image image=\u00a0\u00bb5439&Prime; img_size=\u00a0\u00bbfull\u00a0\u00bb alignment=\u00a0\u00bbcenter\u00a0\u00bb][vc_empty_space][vc_column_text]<strong>H\u00e9l\u00e8ne Mignon<\/strong> ist die Gesch\u00e4ftsf\u00fchrerin von unserem Verein.[\/vc_column_text][\/vc_column_inner][vc_column_inner width=\u00a0\u00bb1\/3&Prime;][vc_single_image image=\u00a0\u00bb5437&Prime; img_size=\u00a0\u00bbfull\u00a0\u00bb alignment=\u00a0\u00bbcenter\u00a0\u00bb][vc_empty_space][vc_column_text]<strong>Alice Secretan <\/strong>ist Koordinatorin des deutsch-franz\u00f6sischen Bereichs\u00a0und p\u00e4dagogische Mitarbeiterin des Deutsch-Franz\u00f6sischen Jugendwerks[\/vc_column_text][vc_column_text][\/vc_column_text][\/vc_column_inner][vc_column_inner width=\u00a0\u00bb1\/3&Prime;][vc_single_image image=\u00a0\u00bb5438&Prime; img_size=\u00a0\u00bbfull\u00a0\u00bb alignment=\u00a0\u00bbcenter\u00a0\u00bb][vc_empty_space][vc_column_text]<strong>Maria Eplinius<\/strong>, kommt aus Hamburg und sie ist eine interkulturelle Teamerin. Sie unterst\u00fctzt das Team f\u00fcr ein Jahr dank des Programms \u00ab\u00a0Arbeit beim Partner\u00a0\u00bb, vom Deutsch-Franz\u00f6sischen Jugendwerk.[\/vc_column_text][\/vc_column_inner][vc_column_inner][\/vc_column_inner][\/vc_row_inner][vc_row_inner][vc_column_inner width=\u00a0\u00bb1\/3&Prime;][vc_single_image image=\u00a0\u00bb7078&Prime; img_size=\u00a0\u00bbfull\u00a0\u00bb alignment=\u00a0\u00bbcenter\u00a0\u00bb][vc_empty_space][vc_column_text]<strong>Mathieu Fouillen <\/strong>ist von September 2016 bis Juni 2017 unser Praktikant. Er studiert an der Universit\u00e4t Rennes und\u00a0 gleichzeitig arbeitet er an dem Projekt \u00ab\u00a0Stage pro\u00a0\u00bb von Gwennili.[\/vc_column_text][\/vc_column_inner][vc_column_inner][\/vc_column_inner][\/vc_row_inner][vc_column_text]<\/p>\n<h3><strong>Willst\u00a0du mehr erfahren ?<\/strong><\/h3>\n<p>[\/vc_column_text][vc_empty_space][vc_row_inner][vc_column_inner width=\u00a0\u00bb1\/2&Prime;][vc_column_text]<strong>Dann\u00a0komm&rsquo; gerne bei uns vorbei. Unser B\u00fcro in Quimper ist ge\u00f6ffnet von Montags bis Freitags von 9 bis 17h. <\/strong><\/p>\n<p>Da wir viel unterwegs sind, kann es sein, dass wir nicht immer im B\u00fcro aufzufinden sind.\u00a0Z\u00f6gere nicht uns vorher anzurufen und\u00a0hinterlasse eine\u00a0Nachricht.[\/vc_column_text][\/vc_column_inner][vc_column_inner width=\u00a0\u00bb1\/2&Prime;][vc_single_image image=\u00a0\u00bb5475&Prime; img_size=\u00a0\u00bbfull\u00a0\u00bb][\/vc_column_inner][\/vc_row_inner][vc_separator border_width=\u00a0\u00bb2&Prime;][\/vc_column][\/vc_row]<\/p>\n","protected":false},"excerpt":{"rendered":"<p>[vc_row][vc_column][vc_single_image image=\u00a0\u00bb7077&Prime; img_size=\u00a0\u00bb\u00a0\u00bb alignment=\u00a0\u00bbcenter\u00a0\u00bb][vc_empty_space][vc_column_text]Unser Verein wird verwaltet durch unseren Vorstand, der aus 10 Ehrenamtlichen besteht. Vereinsvorsitzender: Jacques BERNARD. Kassenwart\u00a0: Fr\u00e9d\u00e9ric DUPREZ Ehrenamtliche\u00a0: Fran\u00e7oise LECOEUR, Anna\u00efck LOISEL, Marie LABOUSSE, Tristan DELBOT, [&hellip;]<\/p>\n","protected":false},"author":2,"featured_media":5818,"parent":5303,"menu_order":0,"comment_status":"closed","ping_status":"closed","template":"templates\/template-page-left-sidebar.php","meta":[],"yoast_head":"<!-- This site is optimized with the Yoast SEO plugin v21.8.1 - https:\/\/yoast.com\/wordpress\/plugins\/seo\/ -->\n<title>L&#039;\u00e9quipe de Gwennili - Association - Rencontres interculturelles en Bretagne et en Europe<\/title>\n<meta name=\"description\" content=\"Les rencontres interculturelles sont encadr\u00e9es par les permanentes ou des animateurs interpr\u00e8tes exp\u00e9riment\u00e9s de diverses nationalit\u00e9s.\" \/>\n<meta name=\"robots\" content=\"index, follow, max-snippet:-1, max-image-preview:large, max-video-preview:-1\" \/>\n<link rel=\"canonical\" href=\"http:\/\/www.gwennili.net\/de\/der-verein\/das-team\/\" \/>\n<meta property=\"og:locale\" content=\"fr_FR\" \/>\n<meta property=\"og:type\" content=\"article\" \/>\n<meta property=\"og:title\" content=\"L&#039;\u00e9quipe de Gwennili - Association - Rencontres interculturelles en Bretagne et en Europe\" \/>\n<meta property=\"og:description\" content=\"Les rencontres interculturelles sont encadr\u00e9es par les permanentes ou des animateurs interpr\u00e8tes exp\u00e9riment\u00e9s de diverses nationalit\u00e9s.\" \/>\n<meta property=\"og:url\" content=\"http:\/\/www.gwennili.net\/de\/der-verein\/das-team\/\" \/>\n<meta property=\"og:site_name\" content=\"Gwennili\" \/>\n<meta property=\"article:modified_time\" content=\"2017-03-24T15:05:41+00:00\" \/>\n<meta property=\"og:image\" content=\"http:\/\/www.gwennili.net\/de\/wp-content\/uploads\/2016\/07\/12733390_960818060620164_3654170013297362335_n.jpg\" \/>\n\t<meta property=\"og:image:width\" content=\"960\" \/>\n\t<meta property=\"og:image:height\" content=\"890\" \/>\n\t<meta property=\"og:image:type\" content=\"image\/jpeg\" \/>\n<meta name=\"twitter:card\" content=\"summary_large_image\" \/>\n<meta name=\"twitter:label1\" content=\"Dur\u00e9e de lecture estim\u00e9e\" \/>\n\t<meta name=\"twitter:data1\" content=\"2 minutes\" \/>\n<script type=\"application\/ld+json\" class=\"yoast-schema-graph\">{\"@context\":\"https:\/\/schema.org\",\"@graph\":[{\"@type\":\"WebPage\",\"@id\":\"http:\/\/www.gwennili.net\/de\/der-verein\/das-team\/\",\"url\":\"http:\/\/www.gwennili.net\/de\/der-verein\/das-team\/\",\"name\":\"L'\u00e9quipe de Gwennili - Association - Rencontres interculturelles en Bretagne et en Europe\",\"isPartOf\":{\"@id\":\"http:\/\/www.gwennili.net\/de\/#website\"},\"datePublished\":\"2016-07-21T12:06:22+00:00\",\"dateModified\":\"2017-03-24T15:05:41+00:00\",\"description\":\"Les rencontres interculturelles sont encadr\u00e9es par les permanentes ou des animateurs interpr\u00e8tes exp\u00e9riment\u00e9s de diverses nationalit\u00e9s.\",\"breadcrumb\":{\"@id\":\"http:\/\/www.gwennili.net\/de\/der-verein\/das-team\/#breadcrumb\"},\"inLanguage\":\"fr-FR\",\"potentialAction\":[{\"@type\":\"ReadAction\",\"target\":[\"http:\/\/www.gwennili.net\/de\/der-verein\/das-team\/\"]}]},{\"@type\":\"BreadcrumbList\",\"@id\":\"http:\/\/www.gwennili.net\/de\/der-verein\/das-team\/#breadcrumb\",\"itemListElement\":[{\"@type\":\"ListItem\",\"position\":1,\"name\":\"Accueil\",\"item\":\"http:\/\/www.gwennili.net\/de\/\"},{\"@type\":\"ListItem\",\"position\":2,\"name\":\"Unser Verein\",\"item\":\"http:\/\/www.gwennili.net\/de\/der-verein\/\"},{\"@type\":\"ListItem\",\"position\":3,\"name\":\"Das Team\"}]},{\"@type\":\"WebSite\",\"@id\":\"http:\/\/www.gwennili.net\/de\/#website\",\"url\":\"http:\/\/www.gwennili.net\/de\/\",\"name\":\"Gwennili\",\"description\":\"Rencontres et \u00c9changes Interculturels\",\"potentialAction\":[{\"@type\":\"SearchAction\",\"target\":{\"@type\":\"EntryPoint\",\"urlTemplate\":\"http:\/\/www.gwennili.net\/de\/?s={search_term_string}\"},\"query-input\":\"required name=search_term_string\"}],\"inLanguage\":\"fr-FR\"}]}<\/script>\n<!-- \/ Yoast SEO plugin. -->","yoast_head_json":{"title":"L'\u00e9quipe de Gwennili - Association - Rencontres interculturelles en Bretagne et en Europe","description":"Les rencontres interculturelles sont encadr\u00e9es par les permanentes ou des animateurs interpr\u00e8tes exp\u00e9riment\u00e9s de diverses nationalit\u00e9s.","robots":{"index":"index","follow":"follow","max-snippet":"max-snippet:-1","max-image-preview":"max-image-preview:large","max-video-preview":"max-video-preview:-1"},"canonical":"http:\/\/www.gwennili.net\/de\/der-verein\/das-team\/","og_locale":"fr_FR","og_type":"article","og_title":"L'\u00e9quipe de Gwennili - Association - Rencontres interculturelles en Bretagne et en Europe","og_description":"Les rencontres interculturelles sont encadr\u00e9es par les permanentes ou des animateurs interpr\u00e8tes exp\u00e9riment\u00e9s de diverses nationalit\u00e9s.","og_url":"http:\/\/www.gwennili.net\/de\/der-verein\/das-team\/","og_site_name":"Gwennili","article_modified_time":"2017-03-24T15:05:41+00:00","og_image":[{"width":960,"height":890,"url":"http:\/\/www.gwennili.net\/de\/wp-content\/uploads\/2016\/07\/12733390_960818060620164_3654170013297362335_n.jpg","type":"image\/jpeg"}],"twitter_card":"summary_large_image","twitter_misc":{"Dur\u00e9e de lecture estim\u00e9e":"2 minutes"},"schema":{"@context":"https:\/\/schema.org","@graph":[{"@type":"WebPage","@id":"http:\/\/www.gwennili.net\/de\/der-verein\/das-team\/","url":"http:\/\/www.gwennili.net\/de\/der-verein\/das-team\/","name":"L'\u00e9quipe de Gwennili - Association - Rencontres interculturelles en Bretagne et en Europe","isPartOf":{"@id":"http:\/\/www.gwennili.net\/de\/#website"},"datePublished":"2016-07-21T12:06:22+00:00","dateModified":"2017-03-24T15:05:41+00:00","description":"Les rencontres interculturelles sont encadr\u00e9es par les permanentes ou des animateurs interpr\u00e8tes exp\u00e9riment\u00e9s de diverses nationalit\u00e9s.","breadcrumb":{"@id":"http:\/\/www.gwennili.net\/de\/der-verein\/das-team\/#breadcrumb"},"inLanguage":"fr-FR","potentialAction":[{"@type":"ReadAction","target":["http:\/\/www.gwennili.net\/de\/der-verein\/das-team\/"]}]},{"@type":"BreadcrumbList","@id":"http:\/\/www.gwennili.net\/de\/der-verein\/das-team\/#breadcrumb","itemListElement":[{"@type":"ListItem","position":1,"name":"Accueil","item":"http:\/\/www.gwennili.net\/de\/"},{"@type":"ListItem","position":2,"name":"Unser Verein","item":"http:\/\/www.gwennili.net\/de\/der-verein\/"},{"@type":"ListItem","position":3,"name":"Das Team"}]},{"@type":"WebSite","@id":"http:\/\/www.gwennili.net\/de\/#website","url":"http:\/\/www.gwennili.net\/de\/","name":"Gwennili","description":"Rencontres et \u00c9changes Interculturels","potentialAction":[{"@type":"SearchAction","target":{"@type":"EntryPoint","urlTemplate":"http:\/\/www.gwennili.net\/de\/?s={search_term_string}"},"query-input":"required name=search_term_string"}],"inLanguage":"fr-FR"}]}},"_links":{"self":[{"href":"http:\/\/www.gwennili.net\/de\/wp-json\/wp\/v2\/pages\/5403"}],"collection":[{"href":"http:\/\/www.gwennili.net\/de\/wp-json\/wp\/v2\/pages"}],"about":[{"href":"http:\/\/www.gwennili.net\/de\/wp-json\/wp\/v2\/types\/page"}],"author":[{"embeddable":true,"href":"http:\/\/www.gwennili.net\/de\/wp-json\/wp\/v2\/users\/2"}],"replies":[{"embeddable":true,"href":"http:\/\/www.gwennili.net\/de\/wp-json\/wp\/v2\/comments?post=5403"}],"version-history":[{"count":5,"href":"http:\/\/www.gwennili.net\/de\/wp-json\/wp\/v2\/pages\/5403\/revisions"}],"predecessor-version":[{"id":7081,"href":"http:\/\/www.gwennili.net\/de\/wp-json\/wp\/v2\/pages\/5403\/revisions\/7081"}],"up":[{"embeddable":true,"href":"http:\/\/www.gwennili.net\/de\/wp-json\/wp\/v2\/pages\/5303"}],"wp:featuredmedia":[{"embeddable":true,"href":"http:\/\/www.gwennili.net\/de\/wp-json\/wp\/v2\/media\/5818"}],"wp:attachment":[{"href":"http:\/\/www.gwennili.net\/de\/wp-json\/wp\/v2\/media?parent=5403"}],"curies":[{"name":"wp","href":"https:\/\/api.w.org\/{rel}","templated":true}]}}