{"id":5415,"date":"2016-07-21T14:57:40","date_gmt":"2016-07-21T12:57:40","guid":{"rendered":"http:\/\/www.gwennili.net\/de\/?page_id=5415"},"modified":"2017-03-02T16:53:54","modified_gmt":"2017-03-02T15:53:54","slug":"partir-seul","status":"publish","type":"page","link":"http:\/\/www.gwennili.net\/de\/partir-seul\/","title":{"rendered":"Praktika und Europ\u00e4ischer Freiwilligendienst"},"content":{"rendered":"<p>[vc_row][vc_column]<div class=\"title-subtile-holder\"><h1 class=\"section-title dark_title\">alleine reisen<\/h1><div class=\"section-border dark_border\"><\/div><div class=\"section-subtitle dark_subtitle\"><\/div><\/div>[\/vc_column][\/vc_row][vc_row][vc_column][vc_column_text]<strong>M\u00f6chtest du alleine in das europ\u00e4ische Ausland reisen und erste profesionelle\u00a0sowie interkulturelle Erfahrungen sammeln?<\/strong><\/p>\n<p>Es bieten sich dir verschiedene M\u00f6glichkeiten:<\/p>\n<ul>\n<li>ein berufsorietierendes Praktikum (\u00ab\u00a0stage pro\u00a0\u00bb)<\/li>\n<li>Der EFD (Europ\u00e4ischer Freiwilligendienst)<\/li>\n<\/ul>\n<p>&nbsp;<\/p>\n<p><strong><a href=\"http:\/\/www.gwennili.net\/de\/kontakt\/\">Kontaktiere uns<\/a><\/strong>, um mehr zu erfahren.[\/vc_column_text][\/vc_column][\/vc_row][vc_row][vc_column width=\u00a0\u00bb1\/2&Prime;][vc_column_text]<\/p>\n<h3><a href=\"http:\/\/www.gwennili.net\/de\/les-stages-professionnels\/\">Das berufsorietierende Praktikum <\/a><\/h3>\n<p>[\/vc_column_text][vc_empty_space][vc_single_image image=\u00a0\u00bb5866&Prime; img_size=\u00a0\u00bbfull\u00a0\u00bb onclick=\u00a0\u00bbcustom_link\u00a0\u00bb link=\u00a0\u00bbhttp:\/\/www.gwennili.net\/de\/les-stages-professionnels\/\u00a0\u00bb][vc_empty_space][vc_column_text]Seit September 2016 bietet Gwennili in Zusammenarbeit mit der Mission Locale Finist\u00e8re 36 berufsorientierende Praktika in Europa an.[\/vc_column_text][\/vc_column][vc_column width=\u00a0\u00bb1\/2&Prime;][vc_column_text]<\/p>\n<h3><a href=\"http:\/\/www.gwennili.net\/de\/partir-seul\/en-volontariat\/\">Der Eurp\u00e4ische Freiwilligendienst<\/a><\/h3>\n<p>[\/vc_column_text][vc_empty_space][vc_single_image image=\u00a0\u00bb5865&Prime; img_size=\u00a0\u00bbfull\u00a0\u00bb onclick=\u00a0\u00bbcustom_link\u00a0\u00bb link=\u00a0\u00bbhttp:\/\/www.gwennili.net\/de\/en-volontariat\/\u00a0\u00bb][vc_empty_space][vc_column_text]Bist du unter 30?<br \/>\nHast du Lust ein anderes, europ\u00e4isches Land\u00a0und Leute\u00a0kennenzulernen?<br \/>\nHast du Lust ein interkulturelles Abenteuer zu erleben?<br \/>\nHast du Lust, Zeit und Kraft in ein Projekt zu stecken, das wirklich Sinn macht? Hast du Lust ein anderes Arbeitsfeld kennen zu lernen?<\/p>\n<div class=\"text_exposed_show\">\n<p>Dann k\u00f6nnte der Europ\u00e4ische Freiwilligendienst etwas f\u00fcr dich sein&#8230;<\/p>\n<\/div>\n<p>[\/vc_column_text][\/vc_column][\/vc_row]<\/p>\n","protected":false},"excerpt":{"rendered":"<p>[vc_row][vc_column][\/vc_column][\/vc_row][vc_row][vc_column][vc_column_text]M\u00f6chtest du alleine in das europ\u00e4ische Ausland reisen und erste profesionelle\u00a0sowie interkulturelle Erfahrungen sammeln? Es bieten sich dir verschiedene M\u00f6glichkeiten: ein berufsorietierendes Praktikum (\u00ab\u00a0stage pro\u00a0\u00bb) Der EFD (Europ\u00e4ischer Freiwilligendienst) &nbsp; [&hellip;]<\/p>\n","protected":false},"author":2,"featured_media":5942,"parent":0,"menu_order":0,"comment_status":"closed","ping_status":"closed","template":"templates\/template-page-left-sidebar.php","meta":[],"yoast_head":"<!-- This site is optimized with the Yoast SEO plugin v21.8.1 - https:\/\/yoast.com\/wordpress\/plugins\/seo\/ -->\n<title>Praktika und Europ\u00e4ischer Freiwilligendienst - Gwennili<\/title>\n<meta name=\"robots\" content=\"index, follow, max-snippet:-1, max-image-preview:large, max-video-preview:-1\" \/>\n<link rel=\"canonical\" href=\"http:\/\/www.gwennili.net\/de\/partir-seul\/\" \/>\n<meta property=\"og:locale\" content=\"fr_FR\" \/>\n<meta property=\"og:type\" content=\"article\" \/>\n<meta property=\"og:title\" content=\"Praktika und Europ\u00e4ischer Freiwilligendienst - Gwennili\" \/>\n<meta property=\"og:description\" content=\"[vc_row][vc_column][\/vc_column][\/vc_row][vc_row][vc_column][vc_column_text]M\u00f6chtest du alleine in das europ\u00e4ische Ausland reisen und erste profesionelle\u00a0sowie interkulturelle Erfahrungen sammeln? Es bieten sich dir verschiedene M\u00f6glichkeiten: ein berufsorietierendes Praktikum (\u00ab\u00a0stage pro\u00a0\u00bb) Der EFD (Europ\u00e4ischer Freiwilligendienst) &nbsp; [&hellip;]\" \/>\n<meta property=\"og:url\" content=\"http:\/\/www.gwennili.net\/de\/partir-seul\/\" \/>\n<meta property=\"og:site_name\" content=\"Gwennili\" \/>\n<meta property=\"article:modified_time\" content=\"2017-03-02T15:53:54+00:00\" \/>\n<meta property=\"og:image\" content=\"http:\/\/www.gwennili.net\/de\/wp-content\/uploads\/2016\/10\/Slider-europe.jpg\" \/>\n\t<meta property=\"og:image:width\" content=\"1920\" \/>\n\t<meta property=\"og:image:height\" content=\"1080\" \/>\n\t<meta property=\"og:image:type\" content=\"image\/jpeg\" \/>\n<meta name=\"twitter:card\" content=\"summary_large_image\" \/>\n<meta name=\"twitter:label1\" content=\"Dur\u00e9e de lecture estim\u00e9e\" \/>\n\t<meta name=\"twitter:data1\" content=\"1 minute\" \/>\n<script type=\"application\/ld+json\" class=\"yoast-schema-graph\">{\"@context\":\"https:\/\/schema.org\",\"@graph\":[{\"@type\":\"WebPage\",\"@id\":\"http:\/\/www.gwennili.net\/de\/partir-seul\/\",\"url\":\"http:\/\/www.gwennili.net\/de\/partir-seul\/\",\"name\":\"Praktika und Europ\u00e4ischer Freiwilligendienst - Gwennili\",\"isPartOf\":{\"@id\":\"https:\/\/www.gwennili.net\/de\/#website\"},\"datePublished\":\"2016-07-21T12:57:40+00:00\",\"dateModified\":\"2017-03-02T15:53:54+00:00\",\"breadcrumb\":{\"@id\":\"http:\/\/www.gwennili.net\/de\/partir-seul\/#breadcrumb\"},\"inLanguage\":\"fr-FR\",\"potentialAction\":[{\"@type\":\"ReadAction\",\"target\":[\"http:\/\/www.gwennili.net\/de\/partir-seul\/\"]}]},{\"@type\":\"BreadcrumbList\",\"@id\":\"http:\/\/www.gwennili.net\/de\/partir-seul\/#breadcrumb\",\"itemListElement\":[{\"@type\":\"ListItem\",\"position\":1,\"name\":\"Accueil\",\"item\":\"http:\/\/www.gwennili.net\/de\/\"},{\"@type\":\"ListItem\",\"position\":2,\"name\":\"Praktika und Europ\u00e4ischer Freiwilligendienst\"}]},{\"@type\":\"WebSite\",\"@id\":\"https:\/\/www.gwennili.net\/de\/#website\",\"url\":\"https:\/\/www.gwennili.net\/de\/\",\"name\":\"Gwennili\",\"description\":\"Rencontres et \u00c9changes Interculturels\",\"potentialAction\":[{\"@type\":\"SearchAction\",\"target\":{\"@type\":\"EntryPoint\",\"urlTemplate\":\"https:\/\/www.gwennili.net\/de\/?s={search_term_string}\"},\"query-input\":\"required name=search_term_string\"}],\"inLanguage\":\"fr-FR\"}]}<\/script>\n<!-- \/ Yoast SEO plugin. -->","yoast_head_json":{"title":"Praktika und Europ\u00e4ischer Freiwilligendienst - Gwennili","robots":{"index":"index","follow":"follow","max-snippet":"max-snippet:-1","max-image-preview":"max-image-preview:large","max-video-preview":"max-video-preview:-1"},"canonical":"http:\/\/www.gwennili.net\/de\/partir-seul\/","og_locale":"fr_FR","og_type":"article","og_title":"Praktika und Europ\u00e4ischer Freiwilligendienst - Gwennili","og_description":"[vc_row][vc_column][\/vc_column][\/vc_row][vc_row][vc_column][vc_column_text]M\u00f6chtest du alleine in das europ\u00e4ische Ausland reisen und erste profesionelle\u00a0sowie interkulturelle Erfahrungen sammeln? Es bieten sich dir verschiedene M\u00f6glichkeiten: ein berufsorietierendes Praktikum (\u00ab\u00a0stage pro\u00a0\u00bb) Der EFD (Europ\u00e4ischer Freiwilligendienst) &nbsp; [&hellip;]","og_url":"http:\/\/www.gwennili.net\/de\/partir-seul\/","og_site_name":"Gwennili","article_modified_time":"2017-03-02T15:53:54+00:00","og_image":[{"width":1920,"height":1080,"url":"http:\/\/www.gwennili.net\/de\/wp-content\/uploads\/2016\/10\/Slider-europe.jpg","type":"image\/jpeg"}],"twitter_card":"summary_large_image","twitter_misc":{"Dur\u00e9e de lecture estim\u00e9e":"1 minute"},"schema":{"@context":"https:\/\/schema.org","@graph":[{"@type":"WebPage","@id":"http:\/\/www.gwennili.net\/de\/partir-seul\/","url":"http:\/\/www.gwennili.net\/de\/partir-seul\/","name":"Praktika und Europ\u00e4ischer Freiwilligendienst - Gwennili","isPartOf":{"@id":"https:\/\/www.gwennili.net\/de\/#website"},"datePublished":"2016-07-21T12:57:40+00:00","dateModified":"2017-03-02T15:53:54+00:00","breadcrumb":{"@id":"http:\/\/www.gwennili.net\/de\/partir-seul\/#breadcrumb"},"inLanguage":"fr-FR","potentialAction":[{"@type":"ReadAction","target":["http:\/\/www.gwennili.net\/de\/partir-seul\/"]}]},{"@type":"BreadcrumbList","@id":"http:\/\/www.gwennili.net\/de\/partir-seul\/#breadcrumb","itemListElement":[{"@type":"ListItem","position":1,"name":"Accueil","item":"http:\/\/www.gwennili.net\/de\/"},{"@type":"ListItem","position":2,"name":"Praktika und Europ\u00e4ischer Freiwilligendienst"}]},{"@type":"WebSite","@id":"https:\/\/www.gwennili.net\/de\/#website","url":"https:\/\/www.gwennili.net\/de\/","name":"Gwennili","description":"Rencontres et \u00c9changes Interculturels","potentialAction":[{"@type":"SearchAction","target":{"@type":"EntryPoint","urlTemplate":"https:\/\/www.gwennili.net\/de\/?s={search_term_string}"},"query-input":"required name=search_term_string"}],"inLanguage":"fr-FR"}]}},"_links":{"self":[{"href":"http:\/\/www.gwennili.net\/de\/wp-json\/wp\/v2\/pages\/5415"}],"collection":[{"href":"http:\/\/www.gwennili.net\/de\/wp-json\/wp\/v2\/pages"}],"about":[{"href":"http:\/\/www.gwennili.net\/de\/wp-json\/wp\/v2\/types\/page"}],"author":[{"embeddable":true,"href":"http:\/\/www.gwennili.net\/de\/wp-json\/wp\/v2\/users\/2"}],"replies":[{"embeddable":true,"href":"http:\/\/www.gwennili.net\/de\/wp-json\/wp\/v2\/comments?post=5415"}],"version-history":[{"count":5,"href":"http:\/\/www.gwennili.net\/de\/wp-json\/wp\/v2\/pages\/5415\/revisions"}],"predecessor-version":[{"id":7057,"href":"http:\/\/www.gwennili.net\/de\/wp-json\/wp\/v2\/pages\/5415\/revisions\/7057"}],"wp:featuredmedia":[{"embeddable":true,"href":"http:\/\/www.gwennili.net\/de\/wp-json\/wp\/v2\/media\/5942"}],"wp:attachment":[{"href":"http:\/\/www.gwennili.net\/de\/wp-json\/wp\/v2\/media?parent=5415"}],"curies":[{"name":"wp","href":"https:\/\/api.w.org\/{rel}","templated":true}]}}