{"id":5307,"date":"2016-07-21T10:00:25","date_gmt":"2016-07-21T08:00:25","guid":{"rendered":"http:\/\/www.gwennili.net\/fr\/?page_id=5307"},"modified":"2024-03-04T13:54:00","modified_gmt":"2024-03-04T12:54:00","slug":"en-volontariat","status":"publish","type":"page","link":"https:\/\/www.gwennili.net\/fr\/partir-seul\/en-volontariat\/","title":{"rendered":"Partir seul\u00b7e en volontariat"},"content":{"rendered":"<p>[vc_row][vc_column]<div class=\"title-subtile-holder\"><h1 class=\"section-title dark_title\">Le Corps Europ\u00e9en de Solidarit\u00e9<\/h1><div class=\"section-border dark_border\"><\/div><div class=\"section-subtitle dark_subtitle\"><\/div><\/div>[vc_gmaps link=&#8221;#E-8_JTNDaWZyYW1lJTIwd2lkdGglM0QlMjIxMDAlMjUlMjIlMjBoZWlnaHQlM0QlMjI1MDBweCUyMiUyMGZyYW1lQm9yZGVyJTNEJTIyMCUyMiUyMHNyYyUzRCUyMmh0dHAlM0ElMkYlMkZ1bWFwLm9wZW5zdHJlZXRtYXAuZnIlMkZmciUyRm1hcCUyRnN2ZV85MDM4OSUzRnNjYWxlQ29udHJvbCUzRGZhbHNlJTI2bWluaU1hcCUzRGZhbHNlJTI2c2Nyb2xsV2hlZWxab29tJTNEZmFsc2UlMjZ6b29tQ29udHJvbCUzRHRydWUlMjZhbGxvd0VkaXQlM0RmYWxzZSUyNm1vcmVDb250cm9sJTNEdHJ1ZSUyNmRhdGFsYXllcnNDb250cm9sJTNEdHJ1ZSUyNm9uTG9hZFBhbmVsJTNEdW5kZWZpbmVkJTI2Y2FwdGlvbkJhciUzRGZhbHNlJTIyJTNFJTNDJTJGaWZyYW1lJTNFJTNDcCUzRSUzQ2ElMjBocmVmJTNEJTIyaHR0cCUzQSUyRiUyRnVtYXAub3BlbnN0cmVldG1hcC5mciUyRmZyJTJGbWFwJTJGc3ZlXzkwMzg5JTIyJTNFVm9pciUyMGVuJTIwcGxlaW4lMjAlQzMlQTljcmFuJTNDJTJGYSUzRSUzQyUyRnAlM0U=&#8221;][\/vc_column][\/vc_row][vc_row][vc_column width=&#8221;1\/4&#8243;][vc_single_image image=&#8221;8294&#8243; img_size=&#8221;medium&#8221;][\/vc_column][vc_column width=&#8221;1\/4&#8243;][vc_single_image image=&#8221;8295&#8243; img_size=&#8221;medium&#8221;][\/vc_column][vc_column width=&#8221;1\/4&#8243;][vc_single_image image=&#8221;8296&#8243; img_size=&#8221;medium&#8221;][\/vc_column][vc_column width=&#8221;1\/4&#8243;][vc_single_image image=&#8221;8293&#8243; img_size=&#8221;medium&#8221;][\/vc_column][\/vc_row][vc_row][vc_column][vc_column_text]<\/p>\n<h2 style=\"text-align: center;\">Le CES, kezako ?<\/h2>\n<p>[\/vc_column_text][vc_empty_space][vc_column_text]Le volontariat europ\u00e9en ou CES (ex-SVE) est un programme du <a href=\"https:\/\/www.corpseuropeensolidarite.fr\/\">Corps Europ\u00e9en de Solidarit\u00e9<\/a> qui s\u2019adresse \u00e0 <strong>tous les jeunes entre 18 et 30 ans<\/strong> sans condition de formation ou de qualification.<\/p>\n<p>Il permet \u00e0 un.e jeune d\u2019effectuer un <strong>volontariat<\/strong> dans un projet collectif dans un <strong>pays d\u2019Europe<\/strong> pour une <strong>dur\u00e9e de 2 \u00e0 12 mois<\/strong> et \u00e0 une collectivit\u00e9 de profiter de l\u2019engagement d\u2019un.e jeune en g\u00e9n\u00e9ral tr\u00e8s motiv\u00e9.<\/p>\n<p>Pendant son service, le\/la volontaire d\u00e9couvrira un pays, une culture, apprendra la langue, d\u00e9couvrira un secteur professionnel, rencontrera d\u2019autres volontaires europ\u00e9en.ne.s\u2026<br \/>\nEn \u00e9change de son travail, le\/la volontaire n\u2019est pas r\u00e9mun\u00e9r\u00e9.e mais son voyage et son s\u00e9jour sont pris en charge. La structure d\u2019accueil assure un tutorat, la structure d\u2019envoi assure la pr\u00e9paration et un suivi en cas de probl\u00e8mes.<br \/>\n<strong>Les domaines dans lesquels\u00a0il est possible de r\u00e9aliser un volontariat sont tr\u00e8s vari\u00e9s<\/strong> : culture, environnement, animation aupr\u00e8s des jeunes, aide aux personnes \u00e2g\u00e9es ou enfants en difficult\u00e9, lutte contre le racisme, contre l\u2019exclusion sociale\u2026<\/p>\n<p>Des r\u00e9unions d&#8217;information sur les diff\u00e9rents dispositifs de mobilit\u00e9 ont lieu r\u00e9guli\u00e8rement, avec un gros focus sur le volontariat europ\u00e9en. Souvent, des volontaires europ\u00e9en.ne.s ou des jeunes finist\u00e9rien.nes fra\u00eechement revenu.es de volontariat assistent \u00e0 ces r\u00e9unions et c&#8217;est le moment id\u00e9al pour leur poser des questions et en savoir davantage sur leurs exp\u00e9riences \ud83d\ude42<\/p>\n<p>Ces r\u00e9unions se tiennent g\u00e9n\u00e9ralement dans nos locaux, dans le tiers-lieu FLUX au <strong>3 rue du Cosquer \u00e0 Quimper<\/strong>. Une r\u00e9union a lieu toutes les 6 semaines environ, n&#8217;h\u00e9sitez pas \u00e0 nous \u00e9crire sur contact@gwennili.net pour conna\u00eetre la prochaine date.<\/p>\n<p>Et si tu es int\u00e9ress\u00e9.e, merci de t&#8217;inscrire en nous le confirmant par mail ou message sur nos r\u00e9seaux sociaux :)[\/vc_column_text][vc_empty_space][vc_column_text]<\/p>\n<h2 style=\"text-align: center;\">Liens<\/h2>\n<p>[\/vc_column_text][vc_empty_space][vc_column_text]<\/p>\n<p style=\"text-align: center;\">Cliquez<a href=\"http:\/\/europa.eu\/youth\/volunteering\/project_en\">-ici\u00a0<\/a>pour retrouver la base de donn\u00e9es des projets de volontariat europ\u00e9en.<br \/>\nRetrouvez toutes les infos sur le\u00a0Corps Europ\u00e9en de Solidarit\u00e9 en visitant le site de l&#8217;Agence Erasmus +, Jeunesse et Sport.<br \/>\n<a href=\"http:\/\/site.erasmusplus-jeunesse.fr\/sve_jeunes-17-30-ans.html\">C&#8217;est par l\u00e0&#8230;<\/a><\/p>\n<p>[\/vc_column_text][vc_empty_space][vc_single_image image=&#8221;7901&#8243; img_size=&#8221;full&#8221; alignment=&#8221;center&#8221; onclick=&#8221;img_link_large&#8221;][vc_empty_space][vc_column_text]<\/p>\n<h2 style=\"text-align: center;\">T\u00e9moignages<\/h2>\n<p>[\/vc_column_text][vc_empty_space][vc_single_image image=&#8221;7772&#8243; style=&#8221;vc_box_shadow_border_circle_2&#8243; onclick=&#8221;custom_link&#8221; link=&#8221;https:\/\/www.myatlas.com\/Enoraguerroue\/sve-estonie-2019-2020&#8243;][vc_column_text css_animation=&#8221;none&#8221;]<strong>Parcourez <a href=\"https:\/\/www.myatlas.com\/Enoraguerroue\/sve-estonie-2019-2020\">le blog d&#8217;Enora<\/a><\/strong>,<strong> <span style=\"color: #ff9900;\">volontaire en Estonie<\/span> aupr\u00e8s de l&#8217;association Voru Kindergarten Pakapikk &#8211; \u00e9cole maternelle.<\/strong><\/p>\n<p>Photos, impressions et d\u00e9paysement &#8211; de quoi vous faire une id\u00e9e plus pr\u00e9cise de l&#8217;aventure europ\u00e9enne.[\/vc_column_text][vc_empty_space][\/vc_column][\/vc_row][vc_row][vc_column width=&#8221;1\/2&#8243;][vc_single_image image=&#8221;7809&#8243; img_size=&#8221;full&#8221;][vc_empty_space][vc_column_text]<\/p>\n<h4><strong>Simon\u00a0: <\/strong><u><b>10 mois au parc National de Koli &#8211; Paradis Blanc au fil du temps<\/b><\/u><\/h4>\n<p><em>&#8220;Janvier 2019, me voil\u00e0 parti pour une <span style=\"color: #808080;\">exp\u00e9rience<\/span> unique qui va changer ma vie \u00e0 tout jamais.<\/em><\/p>\n<p><em>C&#8217;est \u00e0 Koli en Finlande, petit village de 250 habitants, que j\u2019atterrissais. Cet endroit hors du temps offre un environnement riche en biodiversit\u00e9 mais surtout riche en c\u0153urs g\u00e9n\u00e9reux. Une ancienne maison de ferme reconvertie en bureaux\u00a0 faisait office d&#8217;h\u00e9bergement pendant tout ce temps. Le silence, la nature changeante et la paisibilit\u00e9 m&#8217;accompagnait chaque jour.<\/em><\/p>\n<p><em>Mon r\u00f4le dans cette histoire, et bien, il m&#8217;a fallu du temps pour l&#8217;identifier. Ma mission initiale \u00e9tait de m&#8217;occuper de la caf\u00e9teria du centre d\u2019accueil des visiteurs, de r\u00e9aliser des travaux d&#8217;entretien et de manutention dans le parc, de proposer des id\u00e9es d&#8217;am\u00e9nagements. La gestion de mon projet et de mon accompagnement \u00e9tant plus que bancale, je me heurtais ensuite \u00e0 la barri\u00e8re culturelle finlandaise. Une culture o\u00f9 la notion d&#8217;espace personnel et le respect des autres est tr\u00e8s importante.<\/em><\/p>\n<p><em>Je m&#8217;\u00e9vadais donc dans une solitude voulue qui m&#8217;amenait progressivement vers la compr\u00e9hension de cette culture, celle du bonheur de l&#8217;instant pr\u00e9sent, du bien \u00eatre apport\u00e9 gr\u00e2ce \u00e0 la nature, gr\u00e2ce au c\u00e9l\u00e8bre sauna. Des longs moments de solitude qui se font finalement transform\u00e9s en des moments d&#8217;\u00e9changes avec une population n&#8217;attendant, en fait, qu&#8217;\u00e0 recevoir leur voisins.<\/em><\/p>\n<p><em>C&#8217;est gr\u00e2ce \u00e0 cette envie de rencontrer l&#8217;autre que je me donnais pleinement pour r\u00e9aliser tous type de t\u00e2ches, peu importe, je voulais aider, j&#8217;\u00e9tais l\u00e0 pour \u00e7a. Alors malgr\u00e9 des mois difficiles, d&#8217;incompr\u00e9hension, je me retrouvais remerci\u00e9 pour mes efforts fournis pour la communaut\u00e9, \u00e0 mon plus grand bonheur. Une exp\u00e9rience certes sem\u00e9e d&#8217;embuche mais qui m&#8217;aura fait vivre, vivre pleinement.&#8221;<\/em><\/p>\n<p>Simon Le Cleac&#8217;h<\/p>\n<p>[\/vc_column_text][vc_empty_space][vc_single_image image=&#8221;7881&#8243; img_size=&#8221;full&#8221;][vc_empty_space][vc_column_text]<\/p>\n<h4><strong>Nolwenn : <\/strong><u><b>Animation aupr\u00e8s de personnes en situation de handicap en Pologne<\/b><\/u><\/h4>\n<div class=\"moz-text-html\" lang=\"x-unicode\">\n<div dir=\"auto\">\n<p><em>&#8220;Je m&#8217;appelle Nolwenn Souron, j&#8217;ai 20 ans et je suis partie faire mon Service volontariat Europ\u00e9en (SVE) dans la ville de Krak\u00f3w (Cracovie) en Pologne, qui est la 2\u00e8me plus grande ville du pays et class\u00e9 dans les 10 plus belles villes du monde.<\/em><br \/>\n<em>Je vis pendant ces 9 mois (d&#8217;Octobre \u00e0 Juin) dans un vieil appartement mais dans le coeur de la ville, avec 3 autres volontaires, une espagnole, une italienne et une allemande. Le m\u00e9lange de cultures est un challenge ainsi que de partager sa chambre avec une autre personne&#8230; mais c&#8217;est une exp\u00e9rience unique et incroyable qui nous fait d\u00e9couvrir le monde, nous apprend \u00e0 nous adapter et \u00e0 devenir plus ouvert.<\/em><\/p>\n<p><em>J&#8217;ai choisi de travailler pendant ces 9 mois dans une \u00e9cole sp\u00e9cialis\u00e9e pour enfants, adolescents et jeunes adultes en situation de handicap, &#8220;zesp\u00f3\u0142 szk\u00f3\u0142 specjalnych nr 4&#8221;.<\/em><br \/>\n<em>Chaque volontaire travaillant dans cette \u00e9cole a une classe attribu\u00e9e. J&#8217;ai l&#8217;opportunit\u00e9 de travailler 3 jours avec la classe de plus grands (20 \u00e0 24 ans) et les 2 jours restants avec la classe de plus petits (4 \u00e0 9 ans).<\/em><br \/>\n<em>Notre r\u00f4le de volontaire et d&#8217;apporter de l&#8217;aide aux professeurs et aux \u00e9l\u00e8ves et surtout de faire d\u00e9couvrir notre pays et notre culture par des jeux, des le\u00e7ons, des affiches, des danses, de la cuisines ou tout autres activit\u00e9s possibles.<\/em><\/p>\n<p><em>Ne parlant aucun mot de polonais \u00e0 mon arriv\u00e9e et en r\u00e9alisant que peu de mes professeurs (et bien s\u00fbr aucun \u00e9l\u00e8ves) ne parlaient anglais, il a fallu commencer \u00e0 \u00e9tudier tr\u00e8s s\u00e9rieusement le polonais ! Des cours de groupe nous sont offert par une enseignante dans une salle de langue dans le centre de Cracovie 2 fois 1h30 par semaine.<\/em><br \/>\n<em>Nous recevons \u00e9galement par notre organisme STRIM de la monnaie pour payer notre nourriture (400 z\u0142oty = 100\u20ac) et de l&#8217;argent de poche (354 z\u0142oty = 89\u20ac). En Pologne 189\u20ac est en r\u00e9alit\u00e9 une somme satisfaisante pour 1 mois car la vie est presque 2 fois moins ch\u00e8re qu&#8217;en France.&#8221;<\/em><\/p>\n<\/div>\n<p>Nolwenn Souron, avril 2020<\/p>\n<\/div>\n<p>[\/vc_column_text][\/vc_column][vc_column width=&#8221;1\/2&#8243;][vc_single_image image=&#8221;7810&#8243; img_size=&#8221;full&#8221;][vc_empty_space][vc_column_text]<\/p>\n<h4><strong>Eva\u00a0: <\/strong><u><b>Animation socio-culturelle au sein d&#8217;un centre YMCA en Irlande du Nord<\/b><\/u><\/h4>\n<div><em>&#8220;YMCA, est une association protestante qui s\u2019occupe d\u2019enfants dont le contexte familial ou \u00e9conomique est difficile.\u00a0<\/em><\/div>\n<div><em>Pour moi les 3 premiers mois se sont fait \u00e0 PAKT, c\u2019est une branche de l\u2019association qui est directement implant\u00e9e dans un quartier de la communaut\u00e9. C\u2019est \u00e0 dire que c\u2019est une maison dans un lotissement qui est am\u00e9nag\u00e9 pour recevoir les enfants du quartier et leurs faire faire des activit\u00e9s durant toute la semaine apr\u00e8s la sortie d\u2019\u00e9cole ( cuisine, course \u00e0 pied, football, basketball, activit\u00e9s manuels&#8230;) Deux soirs\u00a0par semaine, il y a un \u00ab teenager club \u00bb, les plus \u00e2g\u00e9s se retrouvent pour faire des jeux&#8230;<\/em><\/div>\n<div><\/div>\n<div><em>Les 3 mois suivants j&#8217;\u00e9tais au \u00ab \u00a0Youth club \u00bb, la grosse partie de nos activit\u00e9s avec cette branche se passent de 18h jusqu\u2019\u00e0 22h, nous sommes donc une \u00e9quipe d\u2019animateurs qui chaque soir organise des activit\u00e9s ou s\u2019occupe d\u2019une salle attitr\u00e9e.<\/em><\/div>\n<div><em>La 3\u00e8me et derni\u00e8re branche de la mission est le \u00ab health hub \u00bb c\u2019est une branche qui comme son nom l\u2019indique se centre sur la sant\u00e9. Tout au long de la semaine il y a donc des activit\u00e9s sportives qui y sont organis\u00e9es, \u00e9v\u00e9nement etc..<\/em><\/div>\n<div><em>Nous travaillons 35h par semaine. Nous passons donc une grande partie de nos semaines avec les membres de l\u2019association, ce qui est une v\u00e9ritable exp\u00e9rience humaine, aussi bien avec les enfants\/jeunes ou les membres des \u00e9quipes&#8230;<\/em><\/div>\n<div><\/div>\n<div><\/div>\n<div><em>Ma colocation s\u2019est tr\u00e8s bien pass\u00e9e, se sont maintenant des amiti\u00e9s fortes, puisque vivre plusieurs mois avec des personnes rapproche rapidement. Nous avons partag\u00e9s de nombreux moments ensemble durant les semaines, les week-ends ou m\u00eames les vacances (parce que oui&#8230; avec nos missions nous avions des vacances en m\u00eame temps que les vacances scolaires ) ce qui nous a permis de voyager tout autour de ce fabuleux pays!<\/em><\/div>\n<div><em>J\u2019ai aussi cr\u00e9\u00e9 des amiti\u00e9s avec des membres de l\u2019association ou tout simplement avec des habitants de la ville, le pub que se soit en Bretagne ou en Irlande du nord est un tr\u00e8s bon moyen de rencontre haha!\u00a0<\/em><\/div>\n<div><\/div>\n<div><\/div>\n<div><em>Cette ann\u00e9e f\u00fbt tr\u00e8s riche en \u00e9motions ! Elle f\u00fbt ma 1ere ann\u00e9e hors de France, il faut donc assimiler une langue, une culture, une histoire en quelques mois, ce qui n\u2019est pas une mince \u00e0 faire. Ce qui a \u00e9t\u00e9 le plus dur pour moi en tant que personne mais aussi fran\u00e7aise c\u2019est d\u2019apprendre l\u2019anglais &#8230; ahah !\u00a0 ( par ce que je reste persuad\u00e9e que le syst\u00e8me \u00e9ducatif autour des langues en France n\u2019est pas \u00e0 son top&#8230;).\u00a0 J\u2019ai fais un bac litt\u00e9raire avec renforcement en anglais et litt\u00e9rature anglaise, mais j\u2019ai pas l\u2019impression que cela m\u2019ait beaucoup aid\u00e9e&#8230;\u00c9videmment l\u2019accent joue beaucoup et il est bien connu que en Irlande il est tr\u00e8s fort, ce qui n\u2019a pas jou\u00e9 en ma faveur! Si j\u2019ai un conseil \u00e0 donner c\u2019est de travailler son anglais ou la langue du pays dans lequel vous allez aller (regarder des films en anglais sous-titr\u00e9s anglais, lire en anglais, pourquoi pas faire des cours avec un \u00e9tranger via Skype, il existe de multiples moyens aujourd\u2019hui pour s\u2019am\u00e9liorer rapidement )! Vous vous sentirez \u00e0 l\u2019aise d\u2019autant plus vite dans le pays dans lequel vous irez en sachant vous exprimez librement !<\/em><\/div>\n<div><\/div>\n<div><\/div>\n<div><em>Cette ann\u00e9e loin du cocon familial, social, tout simplement loin de notre environnement habituel, fait in\u00e9vitablement grandir, \u00e7a m\u2019a permis de me poser des questions sur ma culture, challenger mes opinions, \u00e9largir mes connaissances sur les autres et sur moi m\u00eame. C\u2019est vraiment une exp\u00e9rience \u00e0 tous niveaux, physiquement \u00e9galement, j\u2019ai fait beaucoup d\u2019activit\u00e9s sportives ( escalade, randonn\u00e9, cano\u00eb&#8230;), j\u2019ai commenc\u00e9 \u00e0 \u00eatre v\u00e9g\u00e9tarienne, et je commence \u00e0 arr\u00eater de fumer! Je garderai en souvenir la chaleur humaine de ces habitants malgr\u00e9 un climat plut\u00f4t frais &#8211; bien que pour la Bretonne que je suis le climat n\u2019a pas \u00e9t\u00e9 tr\u00e8s diff\u00e9rent du mien !<\/em><\/div>\n<div><\/div>\n<div><\/div>\n<div>Eva Anquez, avril 2020<\/div>\n<p>[\/vc_column_text][vc_empty_space][\/vc_column][\/vc_row][vc_row][vc_column][\/vc_column][\/vc_row]<\/p>\n","protected":false},"excerpt":{"rendered":"<p>[vc_row][vc_column][vc_gmaps link=&#8221;#E-8_JTNDaWZyYW1lJTIwd2lkdGglM0QlMjIxMDAlMjUlMjIlMjBoZWlnaHQlM0QlMjI1MDBweCUyMiUyMGZyYW1lQm9yZGVyJTNEJTIyMCUyMiUyMHNyYyUzRCUyMmh0dHAlM0ElMkYlMkZ1bWFwLm9wZW5zdHJlZXRtYXAuZnIlMkZmciUyRm1hcCUyRnN2ZV85MDM4OSUzRnNjYWxlQ29udHJvbCUzRGZhbHNlJTI2bWluaU1hcCUzRGZhbHNlJTI2c2Nyb2xsV2hlZWxab29tJTNEZmFsc2UlMjZ6b29tQ29udHJvbCUzRHRydWUlMjZhbGxvd0VkaXQlM0RmYWxzZSUyNm1vcmVDb250cm9sJTNEdHJ1ZSUyNmRhdGFsYXllcnNDb250cm9sJTNEdHJ1ZSUyNm9uTG9hZFBhbmVsJTNEdW5kZWZpbmVkJTI2Y2FwdGlvbkJhciUzRGZhbHNlJTIyJTNFJTNDJTJGaWZyYW1lJTNFJTNDcCUzRSUzQ2ElMjBocmVmJTNEJTIyaHR0cCUzQSUyRiUyRnVtYXAub3BlbnN0cmVldG1hcC5mciUyRmZyJTJGbWFwJTJGc3ZlXzkwMzg5JTIyJTNFVm9pciUyMGVuJTIwcGxlaW4lMjAlQzMlQTljcmFuJTNDJTJGYSUzRSUzQyUyRnAlM0U=&#8221;][\/vc_column][\/vc_row][vc_row][vc_column width=&#8221;1\/4&#8243;][vc_single_image image=&#8221;8294&#8243; img_size=&#8221;medium&#8221;][\/vc_column][vc_column width=&#8221;1\/4&#8243;][vc_single_image image=&#8221;8295&#8243; img_size=&#8221;medium&#8221;][\/vc_column][vc_column width=&#8221;1\/4&#8243;][vc_single_image image=&#8221;8296&#8243; img_size=&#8221;medium&#8221;][\/vc_column][vc_column width=&#8221;1\/4&#8243;][vc_single_image image=&#8221;8293&#8243; img_size=&#8221;medium&#8221;][\/vc_column][\/vc_row][vc_row][vc_column][vc_column_text] Le CES, kezako ? [\/vc_column_text][vc_empty_space][vc_column_text]Le volontariat europ\u00e9en ou CES (ex-SVE) est un programme du Corps Europ\u00e9en [&hellip;]<\/p>\n","protected":false},"author":2,"featured_media":5863,"parent":5415,"menu_order":0,"comment_status":"closed","ping_status":"closed","template":"templates\/template-page-left-sidebar.php","meta":{"footnotes":""},"yoast_head":"<!-- This site is optimized with the Yoast SEO plugin v23.5 - https:\/\/yoast.com\/wordpress\/plugins\/seo\/ -->\n<title>Le Service Volontaire Europ\u00e9en - Partir seul en volontariat - Gwennili<\/title>\n<meta name=\"description\" content=\"Le SVE est un programme de la Commission Europ\u00e9enne qui s\u2019adresse \u00e0 tous les jeunes entre 18 et 30 ans sans conditions de formation ou de qualifications.\" \/>\n<meta name=\"robots\" content=\"index, follow, max-snippet:-1, max-image-preview:large, max-video-preview:-1\" \/>\n<link rel=\"canonical\" href=\"https:\/\/www.gwennili.net\/fr\/partir-seul\/en-volontariat\/\" \/>\n<meta property=\"og:locale\" content=\"fr_FR\" \/>\n<meta property=\"og:type\" content=\"article\" \/>\n<meta property=\"og:title\" content=\"Le Service Volontaire Europ\u00e9en - Partir seul en volontariat - Gwennili\" \/>\n<meta property=\"og:description\" content=\"Le SVE est un programme de la Commission Europ\u00e9enne qui s\u2019adresse \u00e0 tous les jeunes entre 18 et 30 ans sans conditions de formation ou de qualifications.\" \/>\n<meta property=\"og:url\" content=\"https:\/\/www.gwennili.net\/fr\/partir-seul\/en-volontariat\/\" \/>\n<meta property=\"og:site_name\" content=\"Gwennili\" \/>\n<meta property=\"article:modified_time\" content=\"2024-03-04T12:54:00+00:00\" \/>\n<meta property=\"og:image\" content=\"https:\/\/www.gwennili.net\/fr\/wp-content\/uploads\/2016\/07\/SVE.jpg\" \/>\n\t<meta property=\"og:image:width\" content=\"800\" \/>\n\t<meta property=\"og:image:height\" content=\"800\" \/>\n\t<meta property=\"og:image:type\" content=\"image\/jpeg\" \/>\n<meta name=\"twitter:card\" content=\"summary_large_image\" \/>\n<meta name=\"twitter:label1\" content=\"Dur\u00e9e de lecture estim\u00e9e\" \/>\n\t<meta name=\"twitter:data1\" content=\"9 minutes\" \/>\n<script type=\"application\/ld+json\" class=\"yoast-schema-graph\">{\"@context\":\"https:\/\/schema.org\",\"@graph\":[{\"@type\":\"WebPage\",\"@id\":\"https:\/\/www.gwennili.net\/fr\/partir-seul\/en-volontariat\/\",\"url\":\"https:\/\/www.gwennili.net\/fr\/partir-seul\/en-volontariat\/\",\"name\":\"Le Service Volontaire Europ\u00e9en - Partir seul en volontariat - Gwennili\",\"isPartOf\":{\"@id\":\"https:\/\/www.gwennili.net\/fr\/#website\"},\"primaryImageOfPage\":{\"@id\":\"https:\/\/www.gwennili.net\/fr\/partir-seul\/en-volontariat\/#primaryimage\"},\"image\":{\"@id\":\"https:\/\/www.gwennili.net\/fr\/partir-seul\/en-volontariat\/#primaryimage\"},\"thumbnailUrl\":\"https:\/\/www.gwennili.net\/fr\/wp-content\/uploads\/2016\/07\/SVE.jpg\",\"datePublished\":\"2016-07-21T08:00:25+00:00\",\"dateModified\":\"2024-03-04T12:54:00+00:00\",\"description\":\"Le SVE est un programme de la Commission Europ\u00e9enne qui s\u2019adresse \u00e0 tous les jeunes entre 18 et 30 ans sans conditions de formation ou de qualifications.\",\"breadcrumb\":{\"@id\":\"https:\/\/www.gwennili.net\/fr\/partir-seul\/en-volontariat\/#breadcrumb\"},\"inLanguage\":\"fr-FR\",\"potentialAction\":[{\"@type\":\"ReadAction\",\"target\":[\"https:\/\/www.gwennili.net\/fr\/partir-seul\/en-volontariat\/\"]}]},{\"@type\":\"ImageObject\",\"inLanguage\":\"fr-FR\",\"@id\":\"https:\/\/www.gwennili.net\/fr\/partir-seul\/en-volontariat\/#primaryimage\",\"url\":\"https:\/\/www.gwennili.net\/fr\/wp-content\/uploads\/2016\/07\/SVE.jpg\",\"contentUrl\":\"https:\/\/www.gwennili.net\/fr\/wp-content\/uploads\/2016\/07\/SVE.jpg\",\"width\":800,\"height\":800},{\"@type\":\"BreadcrumbList\",\"@id\":\"https:\/\/www.gwennili.net\/fr\/partir-seul\/en-volontariat\/#breadcrumb\",\"itemListElement\":[{\"@type\":\"ListItem\",\"position\":1,\"name\":\"Accueil\",\"item\":\"https:\/\/www.gwennili.net\/fr\/\"},{\"@type\":\"ListItem\",\"position\":2,\"name\":\"Stages et services volontaires en solo\",\"item\":\"https:\/\/www.gwennili.net\/fr\/partir-seul\/\"},{\"@type\":\"ListItem\",\"position\":3,\"name\":\"Partir seul\u00b7e en volontariat\"}]},{\"@type\":\"WebSite\",\"@id\":\"https:\/\/www.gwennili.net\/fr\/#website\",\"url\":\"https:\/\/www.gwennili.net\/fr\/\",\"name\":\"Gwennili\",\"description\":\"Rencontres et \u00c9changes Interculturels\",\"potentialAction\":[{\"@type\":\"SearchAction\",\"target\":{\"@type\":\"EntryPoint\",\"urlTemplate\":\"https:\/\/www.gwennili.net\/fr\/?s={search_term_string}\"},\"query-input\":{\"@type\":\"PropertyValueSpecification\",\"valueRequired\":true,\"valueName\":\"search_term_string\"}}],\"inLanguage\":\"fr-FR\"}]}<\/script>\n<!-- \/ Yoast SEO plugin. -->","yoast_head_json":{"title":"Le Service Volontaire Europ\u00e9en - Partir seul en volontariat - Gwennili","description":"Le SVE est un programme de la Commission Europ\u00e9enne qui s\u2019adresse \u00e0 tous les jeunes entre 18 et 30 ans sans conditions de formation ou de qualifications.","robots":{"index":"index","follow":"follow","max-snippet":"max-snippet:-1","max-image-preview":"max-image-preview:large","max-video-preview":"max-video-preview:-1"},"canonical":"https:\/\/www.gwennili.net\/fr\/partir-seul\/en-volontariat\/","og_locale":"fr_FR","og_type":"article","og_title":"Le Service Volontaire Europ\u00e9en - Partir seul en volontariat - Gwennili","og_description":"Le SVE est un programme de la Commission Europ\u00e9enne qui s\u2019adresse \u00e0 tous les jeunes entre 18 et 30 ans sans conditions de formation ou de qualifications.","og_url":"https:\/\/www.gwennili.net\/fr\/partir-seul\/en-volontariat\/","og_site_name":"Gwennili","article_modified_time":"2024-03-04T12:54:00+00:00","og_image":[{"width":800,"height":800,"url":"https:\/\/www.gwennili.net\/fr\/wp-content\/uploads\/2016\/07\/SVE.jpg","type":"image\/jpeg"}],"twitter_card":"summary_large_image","twitter_misc":{"Dur\u00e9e de lecture estim\u00e9e":"9 minutes"},"schema":{"@context":"https:\/\/schema.org","@graph":[{"@type":"WebPage","@id":"https:\/\/www.gwennili.net\/fr\/partir-seul\/en-volontariat\/","url":"https:\/\/www.gwennili.net\/fr\/partir-seul\/en-volontariat\/","name":"Le Service Volontaire Europ\u00e9en - Partir seul en volontariat - Gwennili","isPartOf":{"@id":"https:\/\/www.gwennili.net\/fr\/#website"},"primaryImageOfPage":{"@id":"https:\/\/www.gwennili.net\/fr\/partir-seul\/en-volontariat\/#primaryimage"},"image":{"@id":"https:\/\/www.gwennili.net\/fr\/partir-seul\/en-volontariat\/#primaryimage"},"thumbnailUrl":"https:\/\/www.gwennili.net\/fr\/wp-content\/uploads\/2016\/07\/SVE.jpg","datePublished":"2016-07-21T08:00:25+00:00","dateModified":"2024-03-04T12:54:00+00:00","description":"Le SVE est un programme de la Commission Europ\u00e9enne qui s\u2019adresse \u00e0 tous les jeunes entre 18 et 30 ans sans conditions de formation ou de qualifications.","breadcrumb":{"@id":"https:\/\/www.gwennili.net\/fr\/partir-seul\/en-volontariat\/#breadcrumb"},"inLanguage":"fr-FR","potentialAction":[{"@type":"ReadAction","target":["https:\/\/www.gwennili.net\/fr\/partir-seul\/en-volontariat\/"]}]},{"@type":"ImageObject","inLanguage":"fr-FR","@id":"https:\/\/www.gwennili.net\/fr\/partir-seul\/en-volontariat\/#primaryimage","url":"https:\/\/www.gwennili.net\/fr\/wp-content\/uploads\/2016\/07\/SVE.jpg","contentUrl":"https:\/\/www.gwennili.net\/fr\/wp-content\/uploads\/2016\/07\/SVE.jpg","width":800,"height":800},{"@type":"BreadcrumbList","@id":"https:\/\/www.gwennili.net\/fr\/partir-seul\/en-volontariat\/#breadcrumb","itemListElement":[{"@type":"ListItem","position":1,"name":"Accueil","item":"https:\/\/www.gwennili.net\/fr\/"},{"@type":"ListItem","position":2,"name":"Stages et services volontaires en solo","item":"https:\/\/www.gwennili.net\/fr\/partir-seul\/"},{"@type":"ListItem","position":3,"name":"Partir seul\u00b7e en volontariat"}]},{"@type":"WebSite","@id":"https:\/\/www.gwennili.net\/fr\/#website","url":"https:\/\/www.gwennili.net\/fr\/","name":"Gwennili","description":"Rencontres et \u00c9changes Interculturels","potentialAction":[{"@type":"SearchAction","target":{"@type":"EntryPoint","urlTemplate":"https:\/\/www.gwennili.net\/fr\/?s={search_term_string}"},"query-input":{"@type":"PropertyValueSpecification","valueRequired":true,"valueName":"search_term_string"}}],"inLanguage":"fr-FR"}]}},"_links":{"self":[{"href":"https:\/\/www.gwennili.net\/fr\/wp-json\/wp\/v2\/pages\/5307"}],"collection":[{"href":"https:\/\/www.gwennili.net\/fr\/wp-json\/wp\/v2\/pages"}],"about":[{"href":"https:\/\/www.gwennili.net\/fr\/wp-json\/wp\/v2\/types\/page"}],"author":[{"embeddable":true,"href":"https:\/\/www.gwennili.net\/fr\/wp-json\/wp\/v2\/users\/2"}],"replies":[{"embeddable":true,"href":"https:\/\/www.gwennili.net\/fr\/wp-json\/wp\/v2\/comments?post=5307"}],"version-history":[{"count":27,"href":"https:\/\/www.gwennili.net\/fr\/wp-json\/wp\/v2\/pages\/5307\/revisions"}],"predecessor-version":[{"id":8957,"href":"https:\/\/www.gwennili.net\/fr\/wp-json\/wp\/v2\/pages\/5307\/revisions\/8957"}],"up":[{"embeddable":true,"href":"https:\/\/www.gwennili.net\/fr\/wp-json\/wp\/v2\/pages\/5415"}],"wp:featuredmedia":[{"embeddable":true,"href":"https:\/\/www.gwennili.net\/fr\/wp-json\/wp\/v2\/media\/5863"}],"wp:attachment":[{"href":"https:\/\/www.gwennili.net\/fr\/wp-json\/wp\/v2\/media?parent=5307"}],"curies":[{"name":"wp","href":"https:\/\/api.w.org\/{rel}","templated":true}]}}