{"id":5405,"date":"2016-07-21T14:07:00","date_gmt":"2016-07-21T12:07:00","guid":{"rendered":"http:\/\/www.gwennili.net\/fr\/?page_id=5405"},"modified":"2017-02-20T11:39:03","modified_gmt":"2017-02-20T10:39:03","slug":"nos-partenaires","status":"publish","type":"page","link":"https:\/\/www.gwennili.net\/fr\/nos-partenaires\/","title":{"rendered":"Ils nous soutiennent"},"content":{"rendered":"<p>[vc_row][vc_column][vc_column_text]Notre activit\u00e9 b\u00e9n\u00e9ficie du soutien de nombreux partenaires institutionnels sans lesquels nos projets ne pourraient se r\u00e9aliser, nous tenons \u00e0 les remercier chaleureusement ![\/vc_column_text][\/vc_column][\/vc_row][vc_row][vc_column]<div class=\"title-subtile-holder\"><h1 class=\"section-title dark_title\">Nos partenaires<\/h1><div class=\"section-border dark_border\"><\/div><div class=\"section-subtitle dark_subtitle\"><\/div><\/div>[\/vc_column][\/vc_row][vc_row][vc_column width=&#8221;1\/6&#8243;][vc_single_image image=&#8221;5841&#8243; img_size=&#8221;&#8221;][\/vc_column][vc_column width=&#8221;1\/6&#8243;][vc_single_image image=&#8221;5840&#8243; img_size=&#8221;&#8221;][\/vc_column][vc_column width=&#8221;1\/6&#8243;][vc_single_image image=&#8221;5839&#8243; img_size=&#8221;&#8221;][\/vc_column][vc_column width=&#8221;1\/6&#8243;][vc_single_image image=&#8221;5838&#8243; img_size=&#8221;&#8221;][\/vc_column][vc_column width=&#8221;1\/6&#8243;][vc_single_image image=&#8221;5836&#8243; img_size=&#8221;&#8221;][\/vc_column][vc_column width=&#8221;1\/6&#8243;][vc_single_image image=&#8221;5835&#8243; img_size=&#8221;&#8221;][\/vc_column][\/vc_row][vc_row][vc_column][vc_empty_space height=&#8221;15px&#8221;][vc_column_text]<\/p>\n<h2>Nos partenaires institutionnels<\/h2>\n<p>&nbsp;<\/p>\n<p><a href=\"https:\/\/www.ofaj.org\/\"><strong>L&#8217;<\/strong>\u00a0<strong>Office franco-allemand pour la Jeunesse<\/strong><\/a><\/p>\n<p><a href=\"http:\/\/www.erasmusplus-jeunesse.fr\/\"><strong>L\u2019Agence\u00a0Erasmus + Jeunesse et Sport<\/strong><\/a><\/p>\n<p><a href=\"http:\/\/www.agence-erasmus.fr\/\"><strong>L\u2019Agence\u00a0Erasmus +\u00a0Education et Formation<\/strong><\/a><\/p>\n<p><a href=\"https:\/\/www.finistere.fr\/\"><strong>Le Conseil D\u00e9partemental\u00a0du Finist\u00e8re\u00a0<\/strong><\/a><\/p>\n<p><a href=\"http:\/\/www.bretagne.bzh\/\"><strong>Le Conseil R\u00e9gional de Bretagne\u00a0<\/strong><\/a><\/p>\n<p><a href=\"http:\/\/bretagne.drjscs.gouv.fr\/\"><strong>La Direction R\u00e9gionale et D\u00e9partementale de la Coh\u00e9sion Sociale (DRJSCS<\/strong>)<\/a><\/p>\n<p><a href=\"http:\/\/www.fonjep.org\/Accueil\/Accueil.aspx\"><strong>LE FONJEP<\/strong><\/a><\/p>\n<p><a href=\"http:\/\/www.quimper-communaute.bzh\/\"><strong>Quimper Communaut\u00e9<\/strong><\/a><\/p>\n<p>&nbsp;<\/p>\n<h3><\/h3>\n<h2>Nos partenaires europ\u00e9ens<\/h2>\n<p>&nbsp;<\/p>\n<p style=\"text-align: left;\"><strong>Par ailleurs, nous \u00e9laborons et mettons en place les \u00e9changes interculturels avec de nombreuses\u00a0institutions et associations partenaires en Europe. Pour n\u2019en citer que quelques-unes :<\/strong><\/p>\n<p>Europa-Direkte.V., Dresde, Allemagne<\/p>\n<p><a href=\"http:\/\/www.interkulturelles-netzwerk.de\">Interkulturelles Netzwerke.V<\/a>., Berlin, Allemagne<\/p>\n<p>Akademicki ZwiazekSportowy, Wroclaw, Pologne<\/p>\n<p><a href=\"http:\/\/www.gsi-bonn.de\/\">Gustav Stresemann Institut<\/a>, Bonn, Allemagne<\/p>\n<p><a href=\"http:\/\/centre-francais.de\/\">Le Centre Fran\u00e7ais de Berlin <\/a>(CFB), Allemagne<\/p>\n<p>BDP Bade-Wurtemberg, Bempflingen, Allemagne<\/p>\n<p>Centre des volontaires de Vojvodine, NoviSad, Serbie<\/p>\n<p>Association Club Lumi\u00e8re, Simferopol, Ukraine<\/p>\n<p>Speleologists Union Tbilisi, G\u00e9orgie<\/p>\n<p>Fondation Accolada, Sofia, Bulgarie<\/p>\n<p>Bundesvereinigung Kulturelle Jugendbildung, Remscheid, Allemagne<\/p>\n<p>AWO Basse Saxe, Stuttgart et Karlsruhe, Allemagne<\/p>\n<p>Centre culturel, Gryfino, Pologne<\/p>\n<p>Cornwall County Council, Truro, Royaume-Unis<\/p>\n<p>Ecole de cirque <a href=\"http:\/\/www.tasifan.de\">Tasifan<\/a>, Weimar, Allemagne<\/p>\n<p>Local Democracy Agency (LDA) Osijek, Croatie<\/p>\n<p>Hang-K\u00e9p Kultur\u00e1lis Egyes\u00fclet, Debrecen, Hongrie<\/p>\n<p>&nbsp;<\/p>\n<h2>Nos partenaires locaux<\/h2>\n<p>&nbsp;<\/p>\n<p style=\"text-align: left;\"><strong>Nous travaillons \u00e9galement en partenariat avec diff\u00e9rentes\u00a0structures au niveau local :<\/strong><\/p>\n<p>Le lyc\u00e9e professionnel Roz Glas de Quimperl\u00e9<\/p>\n<p>Le lyc\u00e9e professionnel de Pont de Buis<\/p>\n<p>Le lyc\u00e9e professionnel de Kerbernez \u00e0 Plomelin<\/p>\n<p>L\u2019Institut de Formation en Soins Infirmiers de Quimper<\/p>\n<p>L\u2019Institut de Formation en Soins Infirmiers de Dinan<\/p>\n<p>L\u2019Institut de Formation en Soins Infirmiers de Malestroit<\/p>\n<p>La Mission locale du Pays de Vannes<\/p>\n<p>La Mission locale du pays de Cornouaille<\/p>\n<p>La Maison Familiale et Rurale de Morlaix<\/p>\n<p>Communaut\u00e9 de communes de Plabennec<\/p>\n<p>L\u2019\u00e9cole de cirque Naphtaline, Loctudy<\/p>\n<p>La Maison pour Tous de Penhars (Quimper)<\/p>\n<p>La Maison pour Tous d&#8217;Ergu\u00e9 Armel (Quimper)<\/p>\n<p>Commune de Guiss\u00e9ny (29)<\/p>\n<p>L&#8217;Ulamir centre social du Goyen<\/p>\n<p>Parc Naturel R\u00e9gional d&#8217;Armorique (PNRA)[\/vc_column_text][\/vc_column][\/vc_row]<\/p>\n","protected":false},"excerpt":{"rendered":"<p>[vc_row][vc_column][vc_column_text]Notre activit\u00e9 b\u00e9n\u00e9ficie du soutien de nombreux partenaires institutionnels sans lesquels nos projets ne pourraient se r\u00e9aliser, nous tenons \u00e0 les remercier chaleureusement ![\/vc_column_text][\/vc_column][\/vc_row][vc_row][vc_column][\/vc_column][\/vc_row][vc_row][vc_column width=&#8221;1\/6&#8243;][vc_single_image image=&#8221;5841&#8243; img_size=&#8221;&#8221;][\/vc_column][vc_column width=&#8221;1\/6&#8243;][vc_single_image image=&#8221;5840&#8243; img_size=&#8221;&#8221;][\/vc_column][vc_column [&hellip;]<\/p>\n","protected":false},"author":2,"featured_media":5818,"parent":0,"menu_order":0,"comment_status":"closed","ping_status":"closed","template":"templates\/template-page-left-sidebar.php","meta":{"footnotes":""},"yoast_head":"<!-- This site is optimized with the Yoast SEO plugin v23.5 - https:\/\/yoast.com\/wordpress\/plugins\/seo\/ -->\n<title>Nos partenaires nous soutiennent - Gwennili - Association<\/title>\n<meta name=\"description\" content=\"Notre activit\u00e9 b\u00e9n\u00e9ficie du soutien de nombreux partenaires institutionnels sans lesquels nos projets ne pourraient se r\u00e9aliser\" \/>\n<meta name=\"robots\" content=\"index, follow, max-snippet:-1, max-image-preview:large, max-video-preview:-1\" \/>\n<link rel=\"canonical\" href=\"https:\/\/www.gwennili.net\/fr\/nos-partenaires\/\" \/>\n<meta property=\"og:locale\" content=\"fr_FR\" \/>\n<meta property=\"og:type\" content=\"article\" \/>\n<meta property=\"og:title\" content=\"Nos partenaires nous soutiennent - Gwennili - Association\" \/>\n<meta property=\"og:description\" content=\"Notre activit\u00e9 b\u00e9n\u00e9ficie du soutien de nombreux partenaires institutionnels sans lesquels nos projets ne pourraient se r\u00e9aliser\" \/>\n<meta property=\"og:url\" content=\"https:\/\/www.gwennili.net\/fr\/nos-partenaires\/\" \/>\n<meta property=\"og:site_name\" content=\"Gwennili\" \/>\n<meta property=\"article:modified_time\" content=\"2017-02-20T10:39:03+00:00\" \/>\n<meta property=\"og:image\" content=\"https:\/\/www.gwennili.net\/fr\/wp-content\/uploads\/2016\/07\/12733390_960818060620164_3654170013297362335_n-e1490002292485.jpg\" \/>\n\t<meta property=\"og:image:width\" content=\"800\" \/>\n\t<meta property=\"og:image:height\" content=\"742\" \/>\n\t<meta property=\"og:image:type\" content=\"image\/jpeg\" \/>\n<meta name=\"twitter:card\" content=\"summary_large_image\" \/>\n<meta name=\"twitter:label1\" content=\"Dur\u00e9e de lecture estim\u00e9e\" \/>\n\t<meta name=\"twitter:data1\" content=\"2 minutes\" \/>\n<script type=\"application\/ld+json\" class=\"yoast-schema-graph\">{\"@context\":\"https:\/\/schema.org\",\"@graph\":[{\"@type\":\"WebPage\",\"@id\":\"https:\/\/www.gwennili.net\/fr\/nos-partenaires\/\",\"url\":\"https:\/\/www.gwennili.net\/fr\/nos-partenaires\/\",\"name\":\"Nos partenaires nous soutiennent - Gwennili - Association\",\"isPartOf\":{\"@id\":\"https:\/\/www.gwennili.net\/fr\/#website\"},\"primaryImageOfPage\":{\"@id\":\"https:\/\/www.gwennili.net\/fr\/nos-partenaires\/#primaryimage\"},\"image\":{\"@id\":\"https:\/\/www.gwennili.net\/fr\/nos-partenaires\/#primaryimage\"},\"thumbnailUrl\":\"https:\/\/www.gwennili.net\/fr\/wp-content\/uploads\/2016\/07\/12733390_960818060620164_3654170013297362335_n-e1490002292485.jpg\",\"datePublished\":\"2016-07-21T12:07:00+00:00\",\"dateModified\":\"2017-02-20T10:39:03+00:00\",\"description\":\"Notre activit\u00e9 b\u00e9n\u00e9ficie du soutien de nombreux partenaires institutionnels sans lesquels nos projets ne pourraient se r\u00e9aliser\",\"breadcrumb\":{\"@id\":\"https:\/\/www.gwennili.net\/fr\/nos-partenaires\/#breadcrumb\"},\"inLanguage\":\"fr-FR\",\"potentialAction\":[{\"@type\":\"ReadAction\",\"target\":[\"https:\/\/www.gwennili.net\/fr\/nos-partenaires\/\"]}]},{\"@type\":\"ImageObject\",\"inLanguage\":\"fr-FR\",\"@id\":\"https:\/\/www.gwennili.net\/fr\/nos-partenaires\/#primaryimage\",\"url\":\"https:\/\/www.gwennili.net\/fr\/wp-content\/uploads\/2016\/07\/12733390_960818060620164_3654170013297362335_n-e1490002292485.jpg\",\"contentUrl\":\"https:\/\/www.gwennili.net\/fr\/wp-content\/uploads\/2016\/07\/12733390_960818060620164_3654170013297362335_n-e1490002292485.jpg\",\"width\":800,\"height\":742},{\"@type\":\"BreadcrumbList\",\"@id\":\"https:\/\/www.gwennili.net\/fr\/nos-partenaires\/#breadcrumb\",\"itemListElement\":[{\"@type\":\"ListItem\",\"position\":1,\"name\":\"Accueil\",\"item\":\"https:\/\/www.gwennili.net\/fr\/\"},{\"@type\":\"ListItem\",\"position\":2,\"name\":\"Ils nous soutiennent\"}]},{\"@type\":\"WebSite\",\"@id\":\"https:\/\/www.gwennili.net\/fr\/#website\",\"url\":\"https:\/\/www.gwennili.net\/fr\/\",\"name\":\"Gwennili\",\"description\":\"Rencontres et \u00c9changes Interculturels\",\"potentialAction\":[{\"@type\":\"SearchAction\",\"target\":{\"@type\":\"EntryPoint\",\"urlTemplate\":\"https:\/\/www.gwennili.net\/fr\/?s={search_term_string}\"},\"query-input\":{\"@type\":\"PropertyValueSpecification\",\"valueRequired\":true,\"valueName\":\"search_term_string\"}}],\"inLanguage\":\"fr-FR\"}]}<\/script>\n<!-- \/ Yoast SEO plugin. -->","yoast_head_json":{"title":"Nos partenaires nous soutiennent - Gwennili - Association","description":"Notre activit\u00e9 b\u00e9n\u00e9ficie du soutien de nombreux partenaires institutionnels sans lesquels nos projets ne pourraient se r\u00e9aliser","robots":{"index":"index","follow":"follow","max-snippet":"max-snippet:-1","max-image-preview":"max-image-preview:large","max-video-preview":"max-video-preview:-1"},"canonical":"https:\/\/www.gwennili.net\/fr\/nos-partenaires\/","og_locale":"fr_FR","og_type":"article","og_title":"Nos partenaires nous soutiennent - Gwennili - Association","og_description":"Notre activit\u00e9 b\u00e9n\u00e9ficie du soutien de nombreux partenaires institutionnels sans lesquels nos projets ne pourraient se r\u00e9aliser","og_url":"https:\/\/www.gwennili.net\/fr\/nos-partenaires\/","og_site_name":"Gwennili","article_modified_time":"2017-02-20T10:39:03+00:00","og_image":[{"width":800,"height":742,"url":"https:\/\/www.gwennili.net\/fr\/wp-content\/uploads\/2016\/07\/12733390_960818060620164_3654170013297362335_n-e1490002292485.jpg","type":"image\/jpeg"}],"twitter_card":"summary_large_image","twitter_misc":{"Dur\u00e9e de lecture estim\u00e9e":"2 minutes"},"schema":{"@context":"https:\/\/schema.org","@graph":[{"@type":"WebPage","@id":"https:\/\/www.gwennili.net\/fr\/nos-partenaires\/","url":"https:\/\/www.gwennili.net\/fr\/nos-partenaires\/","name":"Nos partenaires nous soutiennent - Gwennili - Association","isPartOf":{"@id":"https:\/\/www.gwennili.net\/fr\/#website"},"primaryImageOfPage":{"@id":"https:\/\/www.gwennili.net\/fr\/nos-partenaires\/#primaryimage"},"image":{"@id":"https:\/\/www.gwennili.net\/fr\/nos-partenaires\/#primaryimage"},"thumbnailUrl":"https:\/\/www.gwennili.net\/fr\/wp-content\/uploads\/2016\/07\/12733390_960818060620164_3654170013297362335_n-e1490002292485.jpg","datePublished":"2016-07-21T12:07:00+00:00","dateModified":"2017-02-20T10:39:03+00:00","description":"Notre activit\u00e9 b\u00e9n\u00e9ficie du soutien de nombreux partenaires institutionnels sans lesquels nos projets ne pourraient se r\u00e9aliser","breadcrumb":{"@id":"https:\/\/www.gwennili.net\/fr\/nos-partenaires\/#breadcrumb"},"inLanguage":"fr-FR","potentialAction":[{"@type":"ReadAction","target":["https:\/\/www.gwennili.net\/fr\/nos-partenaires\/"]}]},{"@type":"ImageObject","inLanguage":"fr-FR","@id":"https:\/\/www.gwennili.net\/fr\/nos-partenaires\/#primaryimage","url":"https:\/\/www.gwennili.net\/fr\/wp-content\/uploads\/2016\/07\/12733390_960818060620164_3654170013297362335_n-e1490002292485.jpg","contentUrl":"https:\/\/www.gwennili.net\/fr\/wp-content\/uploads\/2016\/07\/12733390_960818060620164_3654170013297362335_n-e1490002292485.jpg","width":800,"height":742},{"@type":"BreadcrumbList","@id":"https:\/\/www.gwennili.net\/fr\/nos-partenaires\/#breadcrumb","itemListElement":[{"@type":"ListItem","position":1,"name":"Accueil","item":"https:\/\/www.gwennili.net\/fr\/"},{"@type":"ListItem","position":2,"name":"Ils nous soutiennent"}]},{"@type":"WebSite","@id":"https:\/\/www.gwennili.net\/fr\/#website","url":"https:\/\/www.gwennili.net\/fr\/","name":"Gwennili","description":"Rencontres et \u00c9changes Interculturels","potentialAction":[{"@type":"SearchAction","target":{"@type":"EntryPoint","urlTemplate":"https:\/\/www.gwennili.net\/fr\/?s={search_term_string}"},"query-input":{"@type":"PropertyValueSpecification","valueRequired":true,"valueName":"search_term_string"}}],"inLanguage":"fr-FR"}]}},"_links":{"self":[{"href":"https:\/\/www.gwennili.net\/fr\/wp-json\/wp\/v2\/pages\/5405"}],"collection":[{"href":"https:\/\/www.gwennili.net\/fr\/wp-json\/wp\/v2\/pages"}],"about":[{"href":"https:\/\/www.gwennili.net\/fr\/wp-json\/wp\/v2\/types\/page"}],"author":[{"embeddable":true,"href":"https:\/\/www.gwennili.net\/fr\/wp-json\/wp\/v2\/users\/2"}],"replies":[{"embeddable":true,"href":"https:\/\/www.gwennili.net\/fr\/wp-json\/wp\/v2\/comments?post=5405"}],"version-history":[{"count":5,"href":"https:\/\/www.gwennili.net\/fr\/wp-json\/wp\/v2\/pages\/5405\/revisions"}],"predecessor-version":[{"id":6996,"href":"https:\/\/www.gwennili.net\/fr\/wp-json\/wp\/v2\/pages\/5405\/revisions\/6996"}],"wp:featuredmedia":[{"embeddable":true,"href":"https:\/\/www.gwennili.net\/fr\/wp-json\/wp\/v2\/media\/5818"}],"wp:attachment":[{"href":"https:\/\/www.gwennili.net\/fr\/wp-json\/wp\/v2\/media?parent=5405"}],"curies":[{"name":"wp","href":"https:\/\/api.w.org\/{rel}","templated":true}]}}