{"id":7939,"date":"2021-01-19T14:42:10","date_gmt":"2021-01-19T13:42:10","guid":{"rendered":"http:\/\/www.gwennili.net\/fr\/?page_id=7939"},"modified":"2021-02-02T14:13:53","modified_gmt":"2021-02-02T13:13:53","slug":"animationfdt","status":"publish","type":"page","link":"https:\/\/www.gwennili.net\/fr\/animationfdt\/","title":{"rendered":"Animation en ligne pour tou\u00b7te\u00b7s ! Formation franco-allemande-tunisienne autour de l\u2019animation interculturelle"},"content":{"rendered":"<p>[vc_row][vc_column][vc_column_text]<\/p>\n<h2>Animation en ligne pour tou\u00b7te\u00b7s<\/h2>\n<h2>13\/02-06\/03\/2021 : Formation franco-allemand-tunisienne \u00e0 l\u2019animation en ligne<\/h2>\n<p>[\/vc_column_text][vc_empty_space][vc_single_image image=&#8221;7951&#8243; img_size=&#8221;large&#8221; alignment=&#8221;center&#8221;][\/vc_column][\/vc_row][vc_row][vc_column][vc_column_text]<\/p>\n<h2><\/h2>\n<h2><\/h2>\n<figure><\/figure>\n<p>Les associations Clash! (Berlin), AVER (Medenine) et Gwennili (Quimper) vous invitent \u00e0 participer \u00e0 une formation franco-allemande-tunisienne num\u00e9rique autour de l\u2019animation (interculturelle) en ligne. Pendant quatre samedis, nous allons travailler ensemble autour de ces th\u00e9matiques \u2013 et au-del\u00e0 !<\/p>\n<ul>\n<li>Animer des m\u00e9thodes d\u2019\u00e9ducation non-formelle en ligne\u00a0: energizers, animations linguistiques et et d\u2019autres animations d\u2019apprentissage (interculturelle)<\/li>\n<li>Accompagner une dynamique de groupe en ligne : Interconnaissance, rendre curieux\u00b7se, accompagner des travaux th\u00e9matiques<\/li>\n<li>Quels approches p\u00e9dagogiques sont importantes pour l\u2019animation en ligne ? Quels sont les outils techniques qui s\u2019y pr\u00eatent ?<\/li>\n<\/ul>\n<p>Le projet est financ\u00e9 par\u00a0<a href=\"http:\/\/www.ofaj.org\/\" target=\"_blank\" rel=\"noopener noreferrer\">l\u2019Office franco-allemand pour la jeunesse<\/a>.<\/p>\n<p><strong>Quand ?\u00a0<\/strong><\/p>\n<ul>\n<li>Samedi, 13 f\u00e9vrier : 10h \u2013 13h<\/li>\n<li>Samedi, 20 f\u00e9vrier : 10h \u2013 13h<\/li>\n<li>Samedi, 27 f\u00e9vrier : 10h \u2013 13h<\/li>\n<li>Samedi, 6 mars : 10h \u2013 13h<\/li>\n<\/ul>\n<p><strong>Pour qui ?<\/strong><br \/>\nPour des animateurs\u00b7trices, pour des enseignant.e.s, pour des animateurs.rices jeunesse, pour des travailleurs\u00b7euses sociaux\u00b7les (d\u2019Allemagne, de France et de Tunisie) et tous ceux.celles qui aiment travailler avec des groupes (interculturels) et souhaitent acqu\u00e9rir plus d\u2019exp\u00e9rience dans l\u2019animation en ligne.La formation a lieu en fran\u00e7ais, allemand et arabe, elle est traduite par l\u2019\u00e9quipe en cons\u00e9cutif<\/p>\n<p><strong>Equipement\u00a0:\u00a0<\/strong><br \/>\nIl est n\u00e9cessaire d\u2019avoir une connexion Internet stable et un ordinateur ou tablette avec cam\u00e9ra et microphone.\u00a0Il n\u2019est pas n\u00e9cessaire d\u2019avoir un compte Zoom.<\/p>\n<p><strong>Frais de participation :<\/strong><br \/>\n<em>Nous travaillons avec une tarification qui se veut \u00e9quitable \u2014 bas\u00e9e sur possibilit\u00e9s financi\u00e8res.<\/em><\/p>\n<p><em>Tarif r\u00e9duit :<\/em>\u00a050 Euros<br \/>\nPour les personnes qui souhaitent participer au projet mais ne peuvent pas payer le prix couvrant les co\u00fbts.<\/p>\n<p><em>Prix couvrant les co\u00fbts :<\/em><strong>\u00a0<\/strong>75 Euros<\/p>\n<p><em>Tarif solidaire :<\/em><strong>\u00a0<\/strong>100 Euros<br \/>\nPour les personnes qui peuvent et souhaitent payer plus, en solidarit\u00e9 avec celles qui paient moins et en soutien de l\u2019\u00e9quipe et les organisations partenaires organisatrices de la formation.<\/p>\n<p><strong>Inscriptions<\/strong><br \/>\nEn cas de questions, merci de nous envoyer un mail \u00e0\u00a0<a target=\"_blank\" rel=\"noreferrer noopener\">maria.molis@gwennili.net<\/a><\/p>\n<p>Inscriptions possibles \u00e0 travers\u00a0le formulaire suivant : <a href=\"https:\/\/clash.berlin\/fr\/tof-2\/\">Par ici !\u00a0<\/a><\/p>\n<h2 style=\"text-align: center;\"><\/h2>\n<p>[\/vc_column_text][\/vc_column][\/vc_row][vc_row][vc_column][\/vc_column][\/vc_row]<\/p>\n","protected":false},"excerpt":{"rendered":"<p>[vc_row][vc_column][vc_column_text] Animation en ligne pour tou\u00b7te\u00b7s 13\/02-06\/03\/2021 : Formation franco-allemand-tunisienne \u00e0 l\u2019animation en ligne [\/vc_column_text][vc_empty_space][vc_single_image image=&#8221;7951&#8243; img_size=&#8221;large&#8221; alignment=&#8221;center&#8221;][\/vc_column][\/vc_row][vc_row][vc_column][vc_column_text] Les associations Clash! (Berlin), AVER (Medenine) et Gwennili (Quimper) vous invitent \u00e0 [&hellip;]<\/p>\n","protected":false},"author":1,"featured_media":0,"parent":0,"menu_order":0,"comment_status":"closed","ping_status":"closed","template":"","meta":{"footnotes":""},"yoast_head":"<!-- This site is optimized with the Yoast SEO plugin v23.5 - https:\/\/yoast.com\/wordpress\/plugins\/seo\/ -->\n<title>Animation en ligne pour tou\u00b7te\u00b7s ! Formation franco-allemande-tunisienne autour de l\u2019animation interculturelle - Gwennili<\/title>\n<meta name=\"robots\" content=\"index, follow, max-snippet:-1, max-image-preview:large, max-video-preview:-1\" \/>\n<link rel=\"canonical\" href=\"https:\/\/www.gwennili.net\/fr\/animationfdt\/\" \/>\n<meta property=\"og:locale\" content=\"fr_FR\" \/>\n<meta property=\"og:type\" content=\"article\" \/>\n<meta property=\"og:title\" content=\"Animation en ligne pour tou\u00b7te\u00b7s ! Formation franco-allemande-tunisienne autour de l\u2019animation interculturelle - Gwennili\" \/>\n<meta property=\"og:description\" content=\"[vc_row][vc_column][vc_column_text] Animation en ligne pour tou\u00b7te\u00b7s 13\/02-06\/03\/2021 : Formation franco-allemand-tunisienne \u00e0 l\u2019animation en ligne [\/vc_column_text][vc_empty_space][vc_single_image image=&#8221;7951&#8243; img_size=&#8221;large&#8221; alignment=&#8221;center&#8221;][\/vc_column][\/vc_row][vc_row][vc_column][vc_column_text] Les associations Clash! (Berlin), AVER (Medenine) et Gwennili (Quimper) vous invitent \u00e0 [&hellip;]\" \/>\n<meta property=\"og:url\" content=\"https:\/\/www.gwennili.net\/fr\/animationfdt\/\" \/>\n<meta property=\"og:site_name\" content=\"Gwennili\" \/>\n<meta property=\"article:modified_time\" content=\"2021-02-02T13:13:53+00:00\" \/>\n<meta name=\"twitter:card\" content=\"summary_large_image\" \/>\n<meta name=\"twitter:label1\" content=\"Dur\u00e9e de lecture estim\u00e9e\" \/>\n\t<meta name=\"twitter:data1\" content=\"2 minutes\" \/>\n<script type=\"application\/ld+json\" class=\"yoast-schema-graph\">{\"@context\":\"https:\/\/schema.org\",\"@graph\":[{\"@type\":\"WebPage\",\"@id\":\"https:\/\/www.gwennili.net\/fr\/animationfdt\/\",\"url\":\"https:\/\/www.gwennili.net\/fr\/animationfdt\/\",\"name\":\"Animation en ligne pour tou\u00b7te\u00b7s ! Formation franco-allemande-tunisienne autour de l\u2019animation interculturelle - Gwennili\",\"isPartOf\":{\"@id\":\"https:\/\/www.gwennili.net\/fr\/#website\"},\"datePublished\":\"2021-01-19T13:42:10+00:00\",\"dateModified\":\"2021-02-02T13:13:53+00:00\",\"breadcrumb\":{\"@id\":\"https:\/\/www.gwennili.net\/fr\/animationfdt\/#breadcrumb\"},\"inLanguage\":\"fr-FR\",\"potentialAction\":[{\"@type\":\"ReadAction\",\"target\":[\"https:\/\/www.gwennili.net\/fr\/animationfdt\/\"]}]},{\"@type\":\"BreadcrumbList\",\"@id\":\"https:\/\/www.gwennili.net\/fr\/animationfdt\/#breadcrumb\",\"itemListElement\":[{\"@type\":\"ListItem\",\"position\":1,\"name\":\"Accueil\",\"item\":\"https:\/\/www.gwennili.net\/fr\/\"},{\"@type\":\"ListItem\",\"position\":2,\"name\":\"Animation en ligne pour tou\u00b7te\u00b7s ! Formation franco-allemande-tunisienne autour de l\u2019animation interculturelle\"}]},{\"@type\":\"WebSite\",\"@id\":\"https:\/\/www.gwennili.net\/fr\/#website\",\"url\":\"https:\/\/www.gwennili.net\/fr\/\",\"name\":\"Gwennili\",\"description\":\"Rencontres et \u00c9changes Interculturels\",\"potentialAction\":[{\"@type\":\"SearchAction\",\"target\":{\"@type\":\"EntryPoint\",\"urlTemplate\":\"https:\/\/www.gwennili.net\/fr\/?s={search_term_string}\"},\"query-input\":{\"@type\":\"PropertyValueSpecification\",\"valueRequired\":true,\"valueName\":\"search_term_string\"}}],\"inLanguage\":\"fr-FR\"}]}<\/script>\n<!-- \/ Yoast SEO plugin. -->","yoast_head_json":{"title":"Animation en ligne pour tou\u00b7te\u00b7s ! Formation franco-allemande-tunisienne autour de l\u2019animation interculturelle - Gwennili","robots":{"index":"index","follow":"follow","max-snippet":"max-snippet:-1","max-image-preview":"max-image-preview:large","max-video-preview":"max-video-preview:-1"},"canonical":"https:\/\/www.gwennili.net\/fr\/animationfdt\/","og_locale":"fr_FR","og_type":"article","og_title":"Animation en ligne pour tou\u00b7te\u00b7s ! Formation franco-allemande-tunisienne autour de l\u2019animation interculturelle - Gwennili","og_description":"[vc_row][vc_column][vc_column_text] Animation en ligne pour tou\u00b7te\u00b7s 13\/02-06\/03\/2021 : Formation franco-allemand-tunisienne \u00e0 l\u2019animation en ligne [\/vc_column_text][vc_empty_space][vc_single_image image=&#8221;7951&#8243; img_size=&#8221;large&#8221; alignment=&#8221;center&#8221;][\/vc_column][\/vc_row][vc_row][vc_column][vc_column_text] Les associations Clash! (Berlin), AVER (Medenine) et Gwennili (Quimper) vous invitent \u00e0 [&hellip;]","og_url":"https:\/\/www.gwennili.net\/fr\/animationfdt\/","og_site_name":"Gwennili","article_modified_time":"2021-02-02T13:13:53+00:00","twitter_card":"summary_large_image","twitter_misc":{"Dur\u00e9e de lecture estim\u00e9e":"2 minutes"},"schema":{"@context":"https:\/\/schema.org","@graph":[{"@type":"WebPage","@id":"https:\/\/www.gwennili.net\/fr\/animationfdt\/","url":"https:\/\/www.gwennili.net\/fr\/animationfdt\/","name":"Animation en ligne pour tou\u00b7te\u00b7s ! Formation franco-allemande-tunisienne autour de l\u2019animation interculturelle - Gwennili","isPartOf":{"@id":"https:\/\/www.gwennili.net\/fr\/#website"},"datePublished":"2021-01-19T13:42:10+00:00","dateModified":"2021-02-02T13:13:53+00:00","breadcrumb":{"@id":"https:\/\/www.gwennili.net\/fr\/animationfdt\/#breadcrumb"},"inLanguage":"fr-FR","potentialAction":[{"@type":"ReadAction","target":["https:\/\/www.gwennili.net\/fr\/animationfdt\/"]}]},{"@type":"BreadcrumbList","@id":"https:\/\/www.gwennili.net\/fr\/animationfdt\/#breadcrumb","itemListElement":[{"@type":"ListItem","position":1,"name":"Accueil","item":"https:\/\/www.gwennili.net\/fr\/"},{"@type":"ListItem","position":2,"name":"Animation en ligne pour tou\u00b7te\u00b7s ! Formation franco-allemande-tunisienne autour de l\u2019animation interculturelle"}]},{"@type":"WebSite","@id":"https:\/\/www.gwennili.net\/fr\/#website","url":"https:\/\/www.gwennili.net\/fr\/","name":"Gwennili","description":"Rencontres et \u00c9changes Interculturels","potentialAction":[{"@type":"SearchAction","target":{"@type":"EntryPoint","urlTemplate":"https:\/\/www.gwennili.net\/fr\/?s={search_term_string}"},"query-input":{"@type":"PropertyValueSpecification","valueRequired":true,"valueName":"search_term_string"}}],"inLanguage":"fr-FR"}]}},"_links":{"self":[{"href":"https:\/\/www.gwennili.net\/fr\/wp-json\/wp\/v2\/pages\/7939"}],"collection":[{"href":"https:\/\/www.gwennili.net\/fr\/wp-json\/wp\/v2\/pages"}],"about":[{"href":"https:\/\/www.gwennili.net\/fr\/wp-json\/wp\/v2\/types\/page"}],"author":[{"embeddable":true,"href":"https:\/\/www.gwennili.net\/fr\/wp-json\/wp\/v2\/users\/1"}],"replies":[{"embeddable":true,"href":"https:\/\/www.gwennili.net\/fr\/wp-json\/wp\/v2\/comments?post=7939"}],"version-history":[{"count":6,"href":"https:\/\/www.gwennili.net\/fr\/wp-json\/wp\/v2\/pages\/7939\/revisions"}],"predecessor-version":[{"id":7967,"href":"https:\/\/www.gwennili.net\/fr\/wp-json\/wp\/v2\/pages\/7939\/revisions\/7967"}],"wp:attachment":[{"href":"https:\/\/www.gwennili.net\/fr\/wp-json\/wp\/v2\/media?parent=7939"}],"curies":[{"name":"wp","href":"https:\/\/api.w.org\/{rel}","templated":true}]}}